{"id":2124,"date":"2023-05-19T22:00:48","date_gmt":"2023-05-19T20:00:48","guid":{"rendered":"https:\/\/www.fitlifebogi.hu\/?page_id=2124"},"modified":"2024-07-22T17:01:57","modified_gmt":"2024-07-22T15:01:57","slug":"aszf","status":"publish","type":"page","link":"https:\/\/www.fitlifebogi.hu\/en\/aszf\/","title":{"rendered":"\u00c1SZF"},"content":{"rendered":"<div data-elementor-type=\"wp-page\" data-elementor-id=\"2124\" class=\"elementor elementor-2124\" data-elementor-post-type=\"page\">\n\t\t\t\t<div class=\"elementor-element elementor-element-d355312 e-flex e-con-boxed e-con e-parent\" data-id=\"d355312\" data-element_type=\"container\" data-e-type=\"container\">\n\t\t\t\t\t<div class=\"e-con-inner\">\n\t\t\t\t<div class=\"elementor-element elementor-element-2791d41 elementor-widget elementor-widget-heading\" data-id=\"2791d41\" data-element_type=\"widget\" data-e-type=\"widget\" data-widget_type=\"heading.default\">\n\t\t\t\t<div class=\"elementor-widget-container\">\n\t\t\t\t\t<h2 class=\"elementor-heading-title elementor-size-default\">\u00c1ltal\u00e1nos Szerz\u0151d\u00e9si Felt\u00e9telek<\/h2>\t\t\t\t<\/div>\n\t\t\t\t<\/div>\n\t\t\t\t<div class=\"elementor-element elementor-element-1ffcb86 elementor-widget elementor-widget-text-editor\" data-id=\"1ffcb86\" data-element_type=\"widget\" data-e-type=\"widget\" data-widget_type=\"text-editor.default\">\n\t\t\t\t<div class=\"elementor-widget-container\">\n\t\t\t\t\t\t\t\t\t<div data-trid=\"1760\"><span data-trid=\"1762\">Bevezet\u00e9s:<\/span><\/div>\n<div data-trid=\"1764\">Legyen kedves gondosan elolvasni \u00c1ltal\u00e1nos szerz\u0151d\u00e9si felt\u00e9teleinket, hiszen \u00d6n rendel\u00e9se lead\u00e1s\u00e1val elfogadja C\u00e9g\u00fcnk \u00c1ltal\u00e1nos szerz\u0151d\u00e9si felt\u00e9teleit!<\/div>\n<div data-trid=\"1765\">Amennyiben webshopunk haszn\u00e1lat\u00e1val, a v\u00e1s\u00e1rl\u00e1s folyamat\u00e1val, term\u00e9keinkkel vagy \u00c1ltal\u00e1nos szerz\u0151d\u00e9si felt\u00e9teleinkkel kapcsolatos k\u00e9rd\u00e9se van, felveheti c\u00e9g\u00fcnkkel a kapcsolatot az al\u00e1bbi el\u00e9rhet\u0151s\u00e9geken:<\/div>\n<div data-trid=\"1766\">&nbsp;<\/div>\n<div data-trid=\"1767\"><b data-trid=\"1768\">C\u00e9g\u00fcnk adatai:<\/b><\/div>\n<div data-trid=\"1769\">&nbsp;<\/div>\n<div data-trid=\"1770\"><strong>Szolg\u00e1ltat\u00f3:<\/strong>&nbsp;K\u00e1d\u00e1r Krisztina Ad\u00e9l Egy\u00e9ni V\u00e1llalkoz\u00f3<br><strong>Sz\u00e9khely, postac\u00edm:&nbsp;<\/strong>1106 Budapest, Hath\u00e1z utca 9, 308 ajt\u00f3<br><strong>Ad\u00f3sz\u00e1m:<\/strong>&nbsp;68927699-1-42<\/div>\n<div data-trid=\"1770\">\n<div data-trid=\"1774\"><b>Nyilv\u00e1ntart\u00e1sba vev\u0151 hat\u00f3s\u00e1g neve:&nbsp;<\/b>NAV \u00c9szak-budapesti megyei Ad\u00f3 \u00e9s V\u00e1migazgat\u00f3s\u00e1g<\/div>\n<div data-trid=\"1775\"><b>C\u00e9g banksz\u00e1mlasz\u00e1ma:&nbsp;<\/b>10918001-00000100-85590002<\/div>\n<p><strong>El\u00e9rhet\u0151s\u00e9g:<\/strong>&nbsp;hello@fitlifebogi.hu<br><strong>Honlap:<\/strong>&nbsp;fitlifebogi.hu<br><strong>T\u00e1rhelyszolg\u00e1ltat\u00f3nk:<\/strong><br>Websupport Magyarorsz\u00e1g Kft.<br>Sz\u00e9khely: 1132 Budapest, Victor Hugo utca 18-22.<\/p>\n<\/div>\n<div data-trid=\"1782\">&nbsp;<\/div>\n<div data-trid=\"1795\"><b data-trid=\"1796\">Fogalmak<\/b>:<\/div>\n<div data-trid=\"1797\">&nbsp;<\/div>\n<div data-trid=\"1798\">Felek:&nbsp;Elad\u00f3 \u00e9s Fogyaszt\u00f3\/V\u00e1llalkoz\u00e1s egy\u00fcttesen<\/div>\n<div data-trid=\"1799\">&nbsp;<\/div>\n<div data-trid=\"1801\">Fogyaszt\u00f3:&nbsp;gazdas\u00e1gi tev\u00e9kenys\u00e9ge, illetve szakm\u00e1ja k\u00f6r\u00e9n k\u00edv\u00fcl elj\u00e1r\u00f3 nagykor\u00fa, 18. \u00e9let\u00e9v\u00e9t bet\u00f6lt\u00f6tt term\u00e9szetes szem\u00e9ly<\/div>\n<div data-trid=\"1802\">&nbsp;<\/div>\n<div data-trid=\"1803\">Fogyaszt\u00f3i szerz\u0151d\u00e9s:&nbsp;szerz\u0151d\u00e9s, melynek egyik alanya Fogyaszt\u00f3nak min\u0151s\u00fcl<\/div>\n<div data-trid=\"1804\">&nbsp;<\/div>\n<div data-trid=\"1805\">J\u00f3t\u00e1ll\u00e1s: a Fogyaszt\u00f3i szerz\u0151d\u00e9s eset\u00e9ben a Polg\u00e1ri T\u00f6rv\u00e9nyk\u00f6nyv szerint<\/div>\n<div data-trid=\"1806\">&nbsp;<\/div>\n<ul data-trid=\"1807\">\n<li data-trid=\"1808\">\n<div data-trid=\"1809\">jogszab\u00e1lyi k\u00f6telezetts\u00e9gen t\u00falmutat\u00f3, illetve \u00f6nk\u00e9nt, a szerz\u0151d\u00e9s megfelel\u0151 teljes\u00edt\u00e9s\u00e9\u00e9rt v\u00e1llalt j\u00f3t\u00e1ll\u00e1s<\/div>\n<\/li>\n<li data-trid=\"1810\">\n<div data-trid=\"1811\">k\u00f6telez\u0151 j\u00f3t\u00e1ll\u00e1s, mely jogszab\u00e1lyon alapul<\/div>\n<\/li>\n<li data-trid=\"1812\">\n<div data-trid=\"1813\">1997. \u00e9vi CLV. t\u00f6rv\u00e9ny a Fogyaszt\u00f3v\u00e9delemr\u0151l<\/div>\n<\/li>\n<li data-trid=\"1814\">\n<div data-trid=\"1815\">1997. \u00e9vi LXXVI. t\u00f6rv\u00e9ny a szerz\u0151i jogr\u00f3l<\/div>\n<\/li>\n<li data-trid=\"1816\">\n<div data-trid=\"1817\">2001. \u00e9vi CVIII. t\u00f6rv\u00e9ny az elektronikus kereskedelmi szolg\u00e1ltat\u00e1sok, valamint az inform\u00e1ci\u00f3s t\u00e1rsadalommal \u00f6sszef\u00fcgg\u0151 szolg\u00e1ltat\u00e1sok egyes k\u00e9rd\u00e9seir\u0151l<\/div>\n<\/li>\n<li data-trid=\"1818\">\n<div data-trid=\"1819\">151\/2003. (IX.22.) korm\u00e1nyrendelet a tart\u00f3s fogyaszt\u00e1si cikkekre vonatkoz\u00f3 k\u00f6telez\u0151 j\u00f3t\u00e1ll\u00e1sr\u00f3l<\/div>\n<\/li>\n<li data-trid=\"1820\">\n<div data-trid=\"1821\">2011. \u00e9vi CXX. t\u00f6rv\u00e9ny az inform\u00e1ci\u00f3s \u00f6nrendelkez\u00e9si jogr\u00f3l \u00e9s az inform\u00e1ci\u00f3szabads\u00e1gr\u00f3l<\/div>\n<\/li>\n<li data-trid=\"1822\">\n<div data-trid=\"1823\">2013. \u00e9vi V. t\u00f6rv\u00e9ny a Polg\u00e1ri T\u00f6rv\u00e9nyk\u00f6nyvr\u0151l<\/div>\n<\/li>\n<li data-trid=\"1824\">\n<div data-trid=\"1825\">19\/2014. (IV.29.) NGM rendelet a Fogyaszt\u00f3 \u00e9s v\u00e1llalkoz\u00e1s k\u00f6z\u00f6tti szerz\u0151d\u00e9s keret\u00e9ben eladott dolgokra vonatkoz\u00f3 szavatoss\u00e1gi \u00e9s j\u00f3t\u00e1ll\u00e1si ig\u00e9nyek int\u00e9z\u00e9s\u00e9nek elj\u00e1r\u00e1si szab\u00e1lyair\u00f3l<\/div>\n<\/li>\n<li data-trid=\"1826\">\n<div data-trid=\"1827\">45\/2014. (II.26.) korm\u00e1nyrendelet a Fogyaszt\u00f3 \u00e9s a v\u00e1llalkoz\u00e1s k\u00f6z\u00f6tti szerz\u0151d\u00e9sek r\u00e9szletes szab\u00e1lyair\u00f3l<\/div>\n<\/li>\n<li data-trid=\"1828\">\n<div data-trid=\"1829\">Az Eur\u00f3pai Parlament \u00e9s Tan\u00e1cs (EU) 2016\/679. rendelete (2016.04.27.) a term\u00e9szetes szem\u00e9lyek szem\u00e9lyes adatainak kezel\u00e9s\u00e9r\u0151l \u00e9s v\u00e9delm\u00e9r\u0151l, tov\u00e1bb\u00e1 ezen adatok szabad \u00e1raml\u00e1s\u00e1r\u00f3l, valamint a 95\/46\/EK rendelet, azaz az \u00e1ltal\u00e1nos adatv\u00e9delmi rendelet hat\u00e1lyon k\u00edv\u00fcl helyez\u00e9s\u00e9r\u0151l<\/div>\n<\/li>\n<li data-trid=\"1830\">\n<div data-trid=\"1831\">Az Eur\u00f3pai Parlament \u00e9s Tan\u00e1cs (EU) 2018\/302. rendelete (2018.02.28.) a bels\u0151 piacon bel\u00fcl a Fogyaszt\u00f3 \u00e1llampolg\u00e1rs\u00e1ga, lak\u00f3\/leteleped\u00e9si helye alapj\u00e1n val\u00f3 indokolatlan ter\u00fcleti alap\u00fa tartalomkorl\u00e1toz\u00e1ssal \u00e9s a megk\u00fcl\u00f6nb\u00f6ztet\u00e9s egy\u00e9b form\u00e1ival szembeni fell\u00e9p\u00e9sr\u0151l, valamint a 2006\/2004\/EK \u00e9s az (EU) 2017\/2394. rendelete, tov\u00e1bb\u00e1 a 2009\/22\/EK ir\u00e1nyelv m\u00f3dos\u00edt\u00e1s\u00e1r\u00f3l<\/div>\n<\/li>\n<li data-trid=\"1832\">\n<div data-trid=\"1833\">E-mail c\u00edm: hello@fitlifebogi.hu<\/div>\n<\/li>\n<li data-trid=\"1835\">\n<div data-trid=\"1836\">N\u00e9v: K\u00e1d\u00e1r Krisztina<\/div>\n<\/li>\n<li data-trid=\"1837\">\n<div data-trid=\"1838\">Telefonsz\u00e1m:&nbsp;+36 70 947 67 21<\/div>\n<\/li>\n<li data-trid=\"1839\">\n<div data-trid=\"1840\">Panasz eljuttat\u00e1s\u00e1nak hely\u00e9t, m\u00f3dj\u00e1t, idej\u00e9t<\/div>\n<\/li>\n<li data-trid=\"1841\">\n<div data-trid=\"1842\">Fogyaszt\u00f3 nev\u00e9t, lakc\u00edm\u00e9t, el\u00e9rhet\u0151s\u00e9g\u00e9t<\/div>\n<\/li>\n<li data-trid=\"1843\">\n<div data-trid=\"1844\">Fogyaszt\u00f3i panasz r\u00e9szletes le\u00edr\u00e1s\u00e1t, tov\u00e1bb\u00e1 a dokumentumok, iratok, bizony\u00edt\u00e9kok jegyz\u00e9k\u00e9t<\/div>\n<\/li>\n<li data-trid=\"1845\">\n<div data-trid=\"1846\">C\u00e9g\u00fcnk nyilatkozat\u00e1t a Fogyaszt\u00f3i panaszt \u00e9rint\u0151 \u00e1ll\u00e1spontj\u00e1r\u00f3l, ha annak halad\u00e9ktalan kivizsg\u00e1l\u00e1sa megoldhat\u00f3<\/div>\n<\/li>\n<li data-trid=\"1847\">\n<div data-trid=\"1848\">Jegyz\u0151k\u00f6nyv felv\u00e9tel\u00e9nek hely\u00e9t \u00e9s idej\u00e9t<\/div>\n<\/li>\n<li data-trid=\"1849\">\n<div data-trid=\"1850\">Jegyz\u0151k\u00f6nyvet felvev\u0151 szem\u00e9ly- \u00e9s a Fogyaszt\u00f3 al\u00e1\u00edr\u00e1s\u00e1t \u2013 ez ut\u00f3bbit abban az esetben, amennyiben szem\u00e9lyes jelenl\u00e9ttel t\u00f6rt\u00e9nik a sz\u00f3beli panasz k\u00f6zl\u00e9se<\/div>\n<\/li>\n<li data-trid=\"1851\">\n<div data-trid=\"1852\">A panasz egyedi azonos\u00edt\u00f3sz\u00e1m\u00e1t \u2013 telefonon, illetve egy\u00e9b elektronikus h\u00edrk\u00f6zl\u00e9si szolg\u00e1ltat\u00e1s \u00fatj\u00e1n k\u00f6z\u00f6lt sz\u00f3beli panasz eset\u00e9n<\/div>\n<\/li>\n<li data-trid=\"1853\">\n<div data-trid=\"1854\">Fogyaszt\u00f3 nev\u00e9t, lak\u00f3hely\u00e9t\/tart\u00f3zkod\u00e1si hely\u00e9t, el\u00e9rhet\u0151s\u00e9g\u00e9t<\/div>\n<\/li>\n<li data-trid=\"1855\">\n<div data-trid=\"1856\">Fogyaszt\u00f3i jogvit\u00e1val \u00e9rintett c\u00e9g nev\u00e9t, sz\u00e9khely\u00e9t\/telephely\u00e9t<\/div>\n<\/li>\n<li data-trid=\"1857\">\n<div data-trid=\"1858\">Fogyaszt\u00f3 \u00e1ll\u00e1spontj\u00e1t \u00e9s az azzal kapcsolatos bizony\u00edt\u00e9kokat, t\u00e9nyeket<\/div>\n<\/li>\n<li data-trid=\"1859\">\n<div data-trid=\"1860\">Fogyaszt\u00f3 nyilatkozat\u00e1t, hogy megk\u00eds\u00e9relte a vit\u00e1s \u00fcgy rendez\u00e9s\u00e9t k\u00f6zvetlen\u00fcl az \u00e9rintett v\u00e1llalkoz\u00e1ssal<\/div>\n<\/li>\n<li data-trid=\"1861\">\n<div data-trid=\"1862\">Fogyaszt\u00f3 nyilatkozat\u00e1t, hogy m\u00e1s B\u00e9k\u00e9ltet\u0151 Test\u00fcleti elj\u00e1r\u00e1st nem kezdem\u00e9nyezett az \u00fcgyben, nem ind\u00edtott k\u00f6zvet\u00edt\u0151i elj\u00e1r\u00e1st, keresetlevelet nem adott be, fizet\u00e9si meghagy\u00e1s kibocs\u00e1t\u00e1s\u00e1ra ir\u00e1nyul\u00f3 k\u00e9relmet nem terjesztett el\u0151<\/div>\n<\/li>\n<li data-trid=\"1863\">\n<div data-trid=\"1864\">Test\u00fclet d\u00f6nt\u00e9s\u00e9re ir\u00e1nyul\u00f3 ind\u00edtv\u00e1nyt<\/div>\n<\/li>\n<li data-trid=\"1865\">\n<div data-trid=\"1866\">Fogyaszt\u00f3 al\u00e1\u00edr\u00e1s\u00e1t<\/div>\n<\/li>\n<li data-trid=\"1867\">\n<div data-trid=\"1868\">Amennyiben a Fogyaszt\u00f3 az illet\u00e9kes B\u00e9k\u00e9ltet\u0151 Test\u00fclet helyett m\u00e1s test\u00fcleti illet\u00e9kess\u00e9get k\u00e9relmezett, annak megjel\u00f6l\u00e9s\u00e9t<\/div>\n<\/li>\n<li data-trid=\"1869\">\n<div data-trid=\"1870\">0 Ft<\/div>\n<\/li>\n<li data-trid=\"1871\">\n<div data-trid=\"1872\">Kedvezm\u00e9nyt helytelen\u00fcl felt\u00fcntet\u0151 \u00e1r (pl.: Term\u00e9k eredeti \u00e1ra: 3.000 Ft, kedvezm\u00e9ny: 20%, kedvezm\u00e9nyes \u00e1r: 500 Ft, hiszen ebben az esetben a helyes \u00e1rnak 2.400 Ft-nak kellene lennie helyesen)<\/div>\n<\/li>\n<li data-trid=\"1873\">\n<div data-trid=\"1874\">A legt\u00f6bb MOL Posta Ponton napi 24, a Coop Posta Ponton napi 12 \u00f3r\u00e1ban van lehet\u0151s\u00e9g a csomag \u00e1tv\u00e9tel\u00e9re.&nbsp;<a href=\"https:\/\/www.postapont.hu\/vasarloknak\/postapontok\" data-trid=\"1875\">Ide kattintva megn\u00e9zheti<\/a>, \u00d6nnek melyik a legmegfelel\u0151bb<\/div>\n<\/li>\n<li data-trid=\"1876\">\n<div data-trid=\"1877\">SMS-ben vagy e-mailben \u00e9rtes\u00edtj\u00fck, amint csomagja meg\u00e9rkezik<\/div>\n<\/li>\n<li data-trid=\"1878\">\n<div data-trid=\"1879\">K\u00f6nnyen megk\u00f6zel\u00edthet\u0151 \u00e1tv\u00e9teli pontok<\/div>\n<\/li>\n<li data-trid=\"1880\">\n<div data-trid=\"1881\">Egyszer\u0171, ingyenes parkol\u00e1s a benzinkutakon<\/div>\n<\/li>\n<li data-trid=\"1882\">\n<div data-trid=\"1883\">A MOL \u00e9s Coop Posta Pontokon bankk\u00e1rty\u00e1val is fizethet<\/div>\n<\/li>\n<li data-trid=\"1884\">\n<div data-trid=\"1885\">Alkoholtartalm\u00fa ital eset\u00e9n, melynek val\u00f3s \u00e9rt\u00e9ke C\u00e9g\u00fcnk \u00e1ltal nem befoly\u00e1solhat\u00f3an, piaci \u00e1ringadoz\u00e1sokt\u00f3l f\u00fcgg \u00e9s amely \u00e1r\u00e1r\u00f3l a felek az ad\u00e1sv\u00e9teli szerz\u0151d\u00e9s megk\u00f6t\u00e9sekor meg\u00e1llapodtak, de a szerz\u0151d\u00e9s teljes\u00edt\u00e9s\u00e9re csak a megk\u00f6t\u00e9st\u0151l sz\u00e1m\u00edtott 30. napot k\u00f6vet\u0151en ker\u00fcl sor<\/div>\n<\/li>\n<li data-trid=\"1886\">\n<div data-trid=\"1887\">C\u00e9g\u00fcnk \u00e1ltal nem befoly\u00e1solhat\u00f3, az el\u00e1ll\u00e1si jog gyakorl\u00e1s\u00e1ra meghat\u00e1rozott hat\u00e1rid\u0151 alatt is lehets\u00e9ges p\u00e9nzpiaci \u00e1ringadoz\u00e1st\u00f3l f\u00fcgg\u0151 term\u00e9k vagy szolg\u00e1ltat\u00e1s eset\u00e9n<\/div>\n<\/li>\n<li data-trid=\"1888\">\n<div data-trid=\"1889\">H\u00edrlap, foly\u00f3irat, id\u0151szaki lap eset\u00e9n, az el\u0151fizet\u00e9ses szerz\u0151d\u00e9sek kiv\u00e9tel\u00e9vel<\/div>\n<\/li>\n<li data-trid=\"1890\">\n<div data-trid=\"1891\">Jelleg\u00e9n\u00e9l fogva \u00e1tad\u00e1s ut\u00e1n elv\u00e1laszthatatlanul m\u00e1s term\u00e9kkel vegy\u00fcl\u0151 term\u00e9k eset\u00e9n<\/div>\n<\/li>\n<li data-trid=\"1892\">\n<div data-trid=\"1893\">Lak\u00e1sc\u00e9l\u00fa szolg\u00e1ltat\u00e1s kiv\u00e9tel\u00e9vel, sz\u00e1ll\u00e1sny\u00fajt\u00e1sra ir\u00e1nyul\u00f3 szerz\u0151d\u00e9s, szem\u00e9lyg\u00e9pj\u00e1rm\u0171-k\u00f6lcs\u00f6nz\u00e9s, fuvaroz\u00e1s, \u00e9tkeztet\u00e9s, szabadid\u0151s tev\u00e9kenys\u00e9ghez k\u00f6t\u0151d\u0151 szolg\u00e1ltat\u00e1sra ir\u00e1nyul\u00f3 szerz\u0151d\u00e9s eset\u00e9n, ha a szerz\u0151d\u00e9sben meghat\u00e1rozott teljes\u00edt\u00e9si hat\u00e1rnapot\/hat\u00e1rid\u0151t szabtak meg<\/div>\n<\/li>\n<li data-trid=\"1894\">\n<div data-trid=\"1895\">Lez\u00e1rt csomagol\u00e1s\u00fa hang- vagy k\u00e9pfelv\u00e9tel, sz\u00e1m\u00edt\u00f3g\u00e9pes szoftver ad\u00e1sv\u00e9tele eset\u00e9n, ha az \u00e1tad\u00e1s ut\u00e1n a Fogyaszt\u00f3 a csomagol\u00e1st felbontotta<\/div>\n<\/li>\n<li data-trid=\"1896\">\n<div data-trid=\"1897\">Nem el\u0151re gy\u00e1rtott term\u00e9k eset\u00e9n, amit a Fogyaszt\u00f3 utas\u00edt\u00e1sa alapj\u00e1n vagy k\u00e9r\u00e9s\u00e9re gy\u00e1rtottak, illetve olyan term\u00e9k eset\u00e9n, amit a Fogyaszt\u00f3 szem\u00e9ly\u00e9re szabtak<\/div>\n<\/li>\n<li data-trid=\"1898\">\n<div data-trid=\"1899\">Nem t\u00e1rgyi adathordoz\u00f3n ny\u00fajtott digit\u00e1lis adattartalom eset\u00e9n, ha C\u00e9g\u00fcnk a Fogyaszt\u00f3 kifejezett, el\u0151zetes beleegyez\u00e9s\u00e9vel kezdte meg a teljes\u00edt\u00e9st \u00e9s a Fogyaszt\u00f3 a beleegyez\u00e9s\u00e9vel egyidej\u0171leg nyilatkozott, hogy tudom\u00e1sul veszi, hogy a teljes\u00edt\u00e9s megkezd\u00e9s\u00e9t k\u00f6vet\u0151en elvesz\u00edti el\u00e1ll\u00e1si jog\u00e1t<\/div>\n<\/li>\n<li data-trid=\"1900\">\n<div data-trid=\"1901\">Nyilv\u00e1nos \u00e1rver\u00e9sen megk\u00f6t\u00f6tt szerz\u0151d\u00e9sek eset\u00e9n<\/div>\n<\/li>\n<li data-trid=\"1902\">\n<div data-trid=\"1903\">Romland\u00f3 vagy min\u0151s\u00e9g\u00e9t r\u00f6vid ideig meg\u0151rz\u0151 term\u00e9k eset\u00e9n<\/div>\n<\/li>\n<li data-trid=\"1904\">\n<div data-trid=\"1905\">Szolg\u00e1ltat\u00e1s ny\u00fajt\u00e1s\u00e1ra ir\u00e1nyul\u00f3 szerz\u0151d\u00e9s eset\u00e9n a szolg\u00e1ltat\u00e1s eg\u00e9sz\u00e9nek teljes\u00edt\u00e9se ut\u00e1n, ha C\u00e9g\u00fcnk a teljes\u00edt\u00e9st a Fogyaszt\u00f3 kifejezett, el\u0151zetes beleegyez\u00e9s\u00e9vel kezdte meg \u00e9s a Fogyaszt\u00f3 tudom\u00e1sul vette, hogy a szolg\u00e1ltat\u00e1s eg\u00e9sz\u00e9nek teljes\u00edt\u00e9se ut\u00e1n felmond\u00e1si jog\u00e1t elvesz\u00edti<\/div>\n<\/li>\n<li data-trid=\"1906\">\n<div data-trid=\"1907\">V\u00e1llalkoz\u00e1si szerz\u0151d\u00e9s eset\u00e9n, melyben C\u00e9g\u00fcnk a Fogyaszt\u00f3 kifejezett k\u00e9r\u00e9s\u00e9re keresi fel a Fogyaszt\u00f3t s\u00fcrg\u0151s jav\u00edt\u00e1si\/karbantart\u00e1si munk\u00e1k elv\u00e9gz\u00e9se c\u00e9lj\u00e1b\u00f3l<\/div>\n<\/li>\n<li data-trid=\"1908\">\n<div data-trid=\"1909\">Z\u00e1rt csomagol\u00e1s\u00fa term\u00e9k eset\u00e9n, mely eg\u00e9szs\u00e9gv\u00e9delmi vagy higi\u00e9niai okok miatt az \u00e1tad\u00e1st k\u00f6vet\u0151 felbont\u00e1s ut\u00e1n nem k\u00fcldhet\u0151 vissza<\/div>\n<\/li>\n<li data-trid=\"1910\">\n<div data-trid=\"1911\">A hiba a tudom\u00e1ny \u00e9s technika \u00e1ll\u00e1sa szerint a forgalomba hozatal id\u0151pontj\u00e1ban nem volt felismerhet\u0151<\/div>\n<\/li>\n<li data-trid=\"1912\">\n<div data-trid=\"1913\">A term\u00e9k hib\u00e1ja jogszab\u00e1ly vagy k\u00f6telez\u0151 hat\u00f3s\u00e1gi el\u0151\u00edr\u00e1s alkalmaz\u00e1s\u00e1b\u00f3l ered<\/div>\n<\/li>\n<li data-trid=\"1914\">\n<div data-trid=\"1915\">A term\u00e9ket nem \u00fczleti tev\u00e9kenys\u00e9ge k\u00f6r\u00e9ben gy\u00e1rtotta, illetve hozta forgalomba<\/div>\n<\/li>\n<\/ul>\n<div data-trid=\"1916\">Szerz\u0151d\u00e9s:&nbsp;Elad\u00f3 \u00e9s Fogyaszt\u00f3\/V\u00e1llalkoz\u00e1s k\u00f6z\u00f6tt a webshop \u00e9s e-mail felhaszn\u00e1l\u00e1s\u00e1val t\u00f6rt\u00e9n\u0151 ad\u00e1sv\u00e9teli szerz\u0151d\u00e9s megk\u00f6t\u00e9se<\/div>\n<div data-trid=\"1917\">&nbsp;<\/div>\n<div data-trid=\"1918\">T\u00e1voll\u00e9v\u0151k k\u00f6z\u00f6tt k\u00f6t\u00f6tt szerz\u0151d\u00e9s: a szerz\u0151d\u00e9s t\u00e1rgy\u00e1t k\u00e9pez\u0151 term\u00e9k megv\u00e1s\u00e1rl\u00e1s\u00e1ra vagy szolg\u00e1ltat\u00e1s ny\u00fajt\u00e1s\u00e1ra ir\u00e1nyul\u00f3 szerz\u0151d\u00e9s, amely a felek egyidej\u0171 fizikai jelenl\u00e9te n\u00e9lk\u00fcl, t\u00e1voll\u00e9v\u0151k k\u00f6zti kommunik\u00e1ci\u00f3s eszk\u00f6z alkalmaz\u00e1s\u00e1val, t\u00e1v\u00e9rt\u00e9kes\u00edt\u00e9si rendszer keretein bel\u00fcl ker\u00fcl megk\u00f6t\u00e9sre<\/div>\n<div data-trid=\"1919\">&nbsp;<\/div>\n<div data-trid=\"1920\">T\u00e1voll\u00e9v\u0151k k\u00f6zti kommunik\u00e1ci\u00f3s eszk\u00f6z:&nbsp;a felek t\u00e1voll\u00e9t\u00e9ben szerz\u0151d\u00e9si nyilatkozat megt\u00e9tel\u00e9re alkalmas eszk\u00f6z, pl. internetes hozz\u00e1f\u00e9r\u00e9st biztos\u00edt\u00f3 eszk\u00f6z, nyomtatv\u00e1ny, katal\u00f3gus, telefon<\/div>\n<div data-trid=\"1921\">&nbsp;<\/div>\n<div data-trid=\"1922\">Term\u00e9k:&nbsp;webshopunk \u00e1ruk\u00e9szlet\u00e9ben l\u00e9v\u0151, elad\u00e1sra sz\u00e1nt, birtokba vehet\u0151, Szerz\u0151d\u00e9s t\u00e1rgy\u00e1t k\u00e9pez\u0151, forgalomk\u00e9pes ing\u00f3s\u00e1g<\/div>\n<div data-trid=\"1923\">&nbsp;<\/div>\n<div data-trid=\"1924\">V\u00e1llalkoz\u00e1s:&nbsp;gazdas\u00e1gi tev\u00e9kenys\u00e9ge, illetve szakm\u00e1ja k\u00f6r\u00e9ben elj\u00e1r\u00f3 szem\u00e9ly<\/div>\n<div data-trid=\"1925\">&nbsp;<\/div>\n<div data-trid=\"1926\">Webshop: webshopunk, melyen a szerz\u0151d\u00e9sk\u00f6t\u00e9s megval\u00f3sul<\/div>\n<div data-trid=\"1927\">&nbsp;<\/div>\n<div data-trid=\"1928\">&nbsp;<\/div>\n<div data-trid=\"1929\"><b data-trid=\"1930\">Vonatkoz\u00f3 jogszab\u00e1lyok:<\/b><\/div>\n<div data-trid=\"1931\">&nbsp;<\/div>\n<div data-trid=\"1932\"><b data-trid=\"1933\">\u00c1SZF hat\u00e1lya \u00e9s elfogad\u00e1sa:<\/b><\/div>\n<div data-trid=\"1934\">A vonatkoz\u00f3 jogszab\u00e1lyok mellett a megk\u00f6t\u00e9sre ker\u00fcl\u0151 szerz\u0151d\u00e9s tartalm\u00e1t \u00c1ltal\u00e1nos szerz\u0151d\u00e9si felt\u00e9teleink is szab\u00e1lyozz\u00e1k. Ennek keretein bel\u00fcl \u00f6sszefoglaljuk az \u00d6nt \u00e9s minket megillet\u0151 jogokat, k\u00f6telezetts\u00e9geket, a szerz\u0151d\u00e9sk\u00f6t\u00e9s felt\u00e9teleit, a fizet\u00e9si, illetve sz\u00e1ll\u00edt\u00e1si felt\u00e9teleket, a hat\u00e1rid\u0151ket, a felel\u0151ss\u00e9ggel kapcsolatos szab\u00e1lyokat, tov\u00e1bb\u00e1 az el\u00e1ll\u00e1si jog gyakorl\u00e1s\u00e1nak felt\u00e9teleit.<\/div>\n<div data-trid=\"1935\">&nbsp;<\/div>\n<div data-trid=\"1936\">\u00d6n rendel\u00e9se lead\u00e1s\u00e1val elfogadja C\u00e9g\u00fcnk \u00c1ltal\u00e1nos szerz\u0151d\u00e9si felt\u00e9teleit, mely a megk\u00f6t\u00e9sre ker\u00fcl\u0151 szerz\u0151d\u00e9shez tartozik.<\/div>\n<div data-trid=\"1937\">&nbsp;<\/div>\n<div data-trid=\"1938\"><b data-trid=\"1939\">Szerz\u0151d\u00e9s nyelve \u00e9s form\u00e1ja:<\/b>&nbsp;<span data-trid=\"1940\">A szerz\u0151d\u00e9s nyelve magyar.<\/span><\/div>\n<div data-trid=\"1941\"><span data-trid=\"1942\">A szerz\u0151d\u00e9s a megrendel\u00e9s lead\u00e1s\u00e1val j\u00f6n l\u00e9tre, \u00c1ltal\u00e1nos szerz\u0151d\u00e9si felt\u00e9teleink elfogad\u00e1s\u00e1val.<\/span><\/div>\n<div data-trid=\"1943\">&nbsp;<\/div>\n<div data-trid=\"1944\"><b data-trid=\"1945\">\u00c1rak:<\/b><\/div>\n<div data-trid=\"1946\"><span data-trid=\"1947\">Az \u00e1rak forintban \u00e9rtend\u0151k. C\u00e9g\u00fcnk alanyi ad\u00f3mentes, ennek megfelel\u0151en az \u00e1raknak \u00c1FA tartalma nincs. Fenntartjuk az \u00e1rv\u00e1ltoztat\u00e1s jog\u00e1t.<\/span><\/div>\n<div data-trid=\"1948\">&nbsp;<\/div>\n<div data-trid=\"1949\"><b data-trid=\"1950\">Panasz\u00fcgyint\u00e9z\u00e9s \u00e9s jog\u00e9rv\u00e9nyes\u00edt\u00e9si lehet\u0151s\u00e9gek:<\/b><\/div>\n<div data-trid=\"1951\">\n<p data-trid=\"1952\"><span data-trid=\"1953\">A Fogyaszt\u00f3 a term\u00e9ket, illet\u0151leg C\u00e9g\u00fcnk tev\u00e9kenys\u00e9g\u00e9t illet\u0151 kifog\u00e1sait a k\u00f6vetkez\u0151 el\u00e9rhet\u0151s\u00e9geinken juttathatja el hozz\u00e1nk:<\/span><\/p>\n<div data-trid=\"1955\">\n<ul data-trid=\"1807\">\n<li data-trid=\"1832\">\n<div data-trid=\"1833\">E-mail c\u00edm: hello@fitlifebogi.hu<\/div>\n<\/li>\n<li data-trid=\"1835\">\n<div data-trid=\"1836\">N\u00e9v: K\u00e1d\u00e1r Krisztina<\/div>\n<\/li>\n<li data-trid=\"1837\">\n<div data-trid=\"1838\">Telefonsz\u00e1m:&nbsp;+36 70 947 67 21<\/div>\n<\/li>\n<\/ul>\n<\/div>\n<\/div>\n<div data-trid=\"1963\">A Fogyaszt\u00f3&nbsp;els\u0151sorban \u00edr\u00e1sban, egyes esetekben azonban sz\u00f3ban is k\u00f6z\u00f6lheti C\u00e9g\u00fcnkkel panasz\u00e1t. A panasz vonatkozhat a C\u00e9g\u00fcnk r\u00e9sz\u00e9r\u0151l elj\u00e1r\u00f3 szem\u00e9ly viselked\u00e9s\u00e9re, munk\u00e1j\u00e1ra, esetleg mulaszt\u00e1s\u00e1ra, mely a term\u00e9k forgalmaz\u00e1s\u00e1val, \u00e9rt\u00e9kes\u00edt\u00e9s\u00e9vel k\u00f6zvetlen kapcsolatban \u00e1ll.<\/div>\n<div data-trid=\"1964\">&nbsp;<\/div>\n<div data-trid=\"1965\">A sz\u00f3beli panaszt C\u00e9g\u00fcnk halad\u00e9ktalanul kivizsg\u00e1lja \u00e9s lehet\u0151s\u00e9g szerint megoldja. Amennyiben a Fogyaszt\u00f3 nem \u00e9rt egyet a panasz kezel\u00e9s\u00e9vel vagy a panasz halad\u00e9ktalan kivizsg\u00e1l\u00e1sa nem lehets\u00e9ges, C\u00e9g\u00fcnk a panaszr\u00f3l \u00e9s azzal kapcsolatos \u00e1ll\u00e1spontj\u00e1r\u00f3l jegyz\u0151k\u00f6nyvet vesz fel, melynek m\u00e1solati p\u00e9ld\u00e1ny\u00e1t eljuttatja a Fogyaszt\u00f3 r\u00e9sz\u00e9re (szem\u00e9lyes jelenl\u00e9t eset\u00e9n helyben \u00e1tadja). E-mailen \u00e9rkezett panasz eset\u00e9ben 30 napon bel\u00fcl a v\u00e1lasszal egy\u00fctt megk\u00fcldi a Fogyaszt\u00f3 r\u00e9sz\u00e9re.&nbsp;Az \u00edr\u00e1sbeli panaszt C\u00e9g\u00fcnk&nbsp;a be\u00e9rkez\u00e9st\u0151l sz\u00e1m\u00edtott 30 napon bel\u00fcl \u00edr\u00e1sban megv\u00e1laszolja. A panasz elutas\u00edt\u00e1sa eset\u00e9n C\u00e9g\u00fcnk \u00e1ll\u00e1spontj\u00e1t k\u00f6teles megindokolni. C\u00e9g\u00fcnk k\u00f6teles a panaszt egyedi azonos\u00edt\u00f3sz\u00e1mmal ell\u00e1tni \u2013 telefonon, illetve egy\u00e9b elektronikus h\u00edrk\u00f6zl\u00e9si szolg\u00e1ltat\u00e1s \u00fatj\u00e1n k\u00f6z\u00f6lt sz\u00f3beli panasz eset\u00e9n.<\/div>\n<div data-trid=\"1966\">&nbsp;<\/div>\n<div data-trid=\"1967\"><b data-trid=\"1968\">Tartalmaznia kell a panaszr\u00f3l felvett jegyz\u0151k\u00f6nyvnek:<\/b><\/div>\n<div data-trid=\"1969\">C\u00e9g\u00fcnk a panaszr\u00f3l felvett jegyz\u0151k\u00f6nyvet \u00e9s v\u00e1laszunk m\u00e1solati p\u00e9ld\u00e1ny\u00e1t 5 \u00e9vig meg\u0151rzi, ellen\u0151rz\u0151 hat\u00f3s\u00e1g k\u00e9r\u00e9s\u00e9re bemutatja.<\/div>\n<div data-trid=\"1970\">&nbsp;<\/div>\n<div data-trid=\"1971\">C\u00e9g\u00fcnk a Fogyaszt\u00f3t \u00edr\u00e1sban t\u00e1j\u00e9koztatja, amennyiben a panaszt elutas\u00edtja, hogy panasz\u00e1val mely hat\u00f3s\u00e1g vagy B\u00e9k\u00e9ltet\u0151 Test\u00fclet elj\u00e1r\u00e1s\u00e1t kezdem\u00e9nyezheti. Tartalmazza a t\u00e1j\u00e9koztat\u00e1s az illet\u00e9kes hat\u00f3s\u00e1g \u00e9s a Fogyaszt\u00f3 lak\u00f3helye\/tart\u00f3zkod\u00e1si helye szerinti B\u00e9k\u00e9ltet\u0151 Test\u00fclet sz\u00e9khely\u00e9t, levelez\u00e9si c\u00edm\u00e9t, el\u00e9rhet\u0151s\u00e9geit (weboldal, e-mail, telefonsz\u00e1m), valamint C\u00e9g\u00fcnk Fogyaszt\u00f3i jogvita rendez\u00e9se c\u00e9lj\u00e1b\u00f3l t\u00f6rt\u00e9n\u0151 B\u00e9k\u00e9ltet\u0151 Test\u00fcleti elj\u00e1r\u00e1s ig\u00e9nybev\u00e9tel\u00e9vel kapcsolatos \u00e1ll\u00e1spontj\u00e1t.<\/div>\n<div data-trid=\"1972\">&nbsp;<\/div>\n<div data-trid=\"1973\">Abban az esetben, ha C\u00e9g\u00fcnk \u00e9s a Fogyaszt\u00f3 k\u00f6zti jogvita t\u00e1rgyal\u00e1sok \u00fatj\u00e1n sem rendez\u0151dik, tov\u00e1bbi jog\u00e9rv\u00e9nyes\u00edt\u00e9si lehet\u0151s\u00e9gekkel \u00e9lhet a Fogyaszt\u00f3:<\/div>\n<div data-trid=\"1974\">&nbsp;<\/div>\n<div data-trid=\"1975\"><b data-trid=\"1976\">Fogyaszt\u00f3v\u00e9delmi Hat\u00f3s\u00e1gi elj\u00e1r\u00e1s:<\/b><\/div>\n<div data-trid=\"1977\">&nbsp;<\/div>\n<div data-trid=\"1978\">A Fogyaszt\u00f3i jogok megs\u00e9rt\u00e9se eset\u00e9n a Fogyaszt\u00f3 jogosult panaszt tenni a lak\u00f3helye szerint illet\u00e9kes Fogyaszt\u00f3v\u00e9delmi Hat\u00f3s\u00e1gn\u00e1l. A hat\u00f3s\u00e1g d\u00f6nt a Fogyaszt\u00f3v\u00e9delmi elj\u00e1r\u00e1s lefolytat\u00e1s\u00e1r\u00f3l a panasz elb\u00edr\u00e1l\u00e1s\u00e1t k\u00f6vet\u0151en. Az els\u0151fok\u00fa hat\u00f3s\u00e1gi feladatokat a j\u00e1r\u00e1si hivatalok l\u00e1tj\u00e1k el. El\u00e9rhet\u0151s\u00e9g\u00fck:&nbsp;<a href=\"https:\/\/jarasinfo.gov.hu\/jarasok-lista\" data-trid=\"1979\">http:\/\/jarasinfo.gov.hu\/<\/a><\/div>\n<div data-trid=\"1980\">&nbsp;<\/div>\n<div data-trid=\"1981\"><b data-trid=\"1982\">B\u00edr\u00f3s\u00e1gi elj\u00e1r\u00e1s:<\/b><\/div>\n<div data-trid=\"1983\">A Fogyaszt\u00f3 polg\u00e1ri elj\u00e1r\u00e1s keretein bel\u00fcl jogosult a jogvit\u00e1b\u00f3l sz\u00e1rmaz\u00f3 k\u00f6vetel\u00e9s\u00e9nek b\u00edr\u00f3s\u00e1g el\u0151tti \u00e9rv\u00e9nyes\u00edt\u00e9s\u00e9re a Polg\u00e1ri T\u00f6rv\u00e9nyk\u00f6nyvr\u0151l sz\u00f3l\u00f3 2013. \u00e9vi V. t\u00f6rv\u00e9ny, valamint a Polg\u00e1ri Perrendtart\u00e1sr\u00f3l sz\u00f3l\u00f3 2016. \u00e9vi CXXX. t\u00f6rv\u00e9ny rendelkez\u00e9sei szerint.<\/div>\n<div data-trid=\"1984\">&nbsp;<\/div>\n<div data-trid=\"1985\"><b data-trid=\"1986\">B\u00e9k\u00e9ltet\u0151 Test\u00fcleti elj\u00e1r\u00e1s:<\/b><\/div>\n<div data-trid=\"1987\">Jogosult a lak\u00f3helye\/tart\u00f3zkod\u00e1si helye szerint illet\u00e9kes B\u00e9k\u00e9ltet\u0151 Test\u00fclethez fordulni, ha Fogyaszt\u00f3i panasz\u00e1t elutas\u00edtjuk. Az elj\u00e1r\u00e1s megind\u00edt\u00e1s\u00e1nak felt\u00e9tele, hogy a Fogyaszt\u00f3 C\u00e9g\u00fcnkkel k\u00f6zvetlen\u00fcl megk\u00eds\u00e9relje a vit\u00e1s \u00fcgy rendez\u00e9s\u00e9t.<\/div>\n<div data-trid=\"1988\">&nbsp;<\/div>\n<div data-trid=\"1989\">A B\u00e9k\u00e9ltet\u0151 Test\u00fcleti elj\u00e1r\u00e1sban C\u00e9g\u00fcnket egy\u00fcttm\u0171k\u00f6d\u00e9si k\u00f6telezetts\u00e9g terheli. Ez alapj\u00e1n C\u00e9g\u00fcnk k\u00f6teles a B\u00e9k\u00e9ltet\u0151 Test\u00fclet felh\u00edv\u00e1s\u00e1ra&nbsp;v\u00e1lasziratot megk\u00fcldeni, valamint a B\u00e9k\u00e9ltet\u0151 Test\u00fclet el\u0151tti meghallgat\u00e1son&nbsp;megjelenni&nbsp;\u00e9s&nbsp;egyezs\u00e9g l\u00e9trehozatal\u00e1ra feljogos\u00edtott szem\u00e9ly r\u00e9szv\u00e9tel\u00e9t biztos\u00edtani.<\/div>\n<div data-trid=\"1990\">&nbsp;<\/div>\n<div data-trid=\"1991\">Ha C\u00e9g\u00fcnk sz\u00e9khelye\/telephelye a ter\u00fcletileg illet\u00e9kes B\u00e9k\u00e9ltet\u0151 Test\u00fcletet m\u0171k\u00f6dtet\u0151 kamara szerinti megy\u00e9n k\u00edv\u00fcl tal\u00e1lhat\u00f3, C\u00e9g\u00fcnk egy\u00fcttm\u0171k\u00f6d\u00e9si k\u00f6telezetts\u00e9ge a Fogyaszt\u00f3i ig\u00e9ny megfelel\u0151 \u00edr\u00e1sbeli egyezs\u00e9gk\u00f6t\u00e9s lehet\u0151s\u00e9g\u00e9nek felaj\u00e1nl\u00e1s\u00e1ra terjed ki.<\/div>\n<div data-trid=\"1992\">&nbsp;<\/div>\n<div data-trid=\"1993\">Amennyiben fenti egy\u00fcttm\u0171k\u00f6d\u00e9si k\u00f6telezetts\u00e9g\u00fcnknek nem tesz\u00fcnk eleget, a Fogyaszt\u00f3v\u00e9delmi Hat\u00f3s\u00e1g hat\u00e1sk\u00f6r\u00e9be ker\u00fcl az \u00fcgy, mely szerint a c\u00e9gek jogs\u00e9rt\u0151 magatart\u00e1sakor&nbsp;k\u00f6telez\u0151 b\u00edrs\u00e1gkiszab\u00e1s&nbsp;van \u00e9rv\u00e9nyben, ett\u0151l eltekinteni nem lehet.<\/div>\n<div data-trid=\"1994\">&nbsp;<\/div>\n<div data-trid=\"1995\">A b\u00edrs\u00e1g \u00f6sszege kis- \u00e9s k\u00f6z\u00e9pv\u00e1llalkoz\u00e1s sz\u00e1m\u00e1ra 15.000 \u2013 500.000 Ft-ig, 100 milli\u00f3 Ft feletti \u00e9ves nett\u00f3 \u00e1rbev\u00e9tellel rendelkez\u0151 nagyv\u00e1llalat sz\u00e1m\u00e1ra pedig 15.000 Ft-t\u00f3l a v\u00e1llalat \u00e9ves nett\u00f3 \u00e1rbev\u00e9tel\u00e9nek 5%-\u00e1ig, legfeljebb 500 milli\u00f3 Ft-ig terjedhet.<\/div>\n<div data-trid=\"1996\">&nbsp;<\/div>\n<div data-trid=\"1997\">A Fogyaszt\u00f3 k\u00e9relmezheti a B\u00e9k\u00e9ltet\u0151 Test\u00fcleti elj\u00e1r\u00e1s megind\u00edt\u00e1s\u00e1t. A k\u00e9relmet \u00edr\u00e1sban (lev\u00e9l, fax, t\u00e1virat \u00fatj\u00e1n, illetve a B\u00e9k\u00e9ltet\u0151 Test\u00fclet weboldal\u00e1n, elektronikus form\u00e1ban), a B\u00e9k\u00e9ltet\u0151 Test\u00fclet eln\u00f6k\u00e9hez sz\u00fcks\u00e9ges eljuttatni.<\/div>\n<div data-trid=\"1998\">&nbsp;<\/div>\n<div data-trid=\"1999\"><b data-trid=\"2000\">Tartalmaznia kell a k\u00e9relemnek:<\/b><\/div>\n<div data-trid=\"2001\">&nbsp;<\/div>\n<div data-trid=\"2002\">Mindenk\u00e9ppen csatolni sz\u00fcks\u00e9ges a k\u00e9relemhez azon okiratot vagy m\u00e1solat\u00e1t, mely tartalm\u00e1ra bizony\u00edt\u00e9kk\u00e9nt hivatkozik a Fogyaszt\u00f3 (a c\u00e9g panaszt elutas\u00edt\u00f3 \u00edr\u00e1sbeli nyilatkozat\u00e1t, ha ez nem \u00e1ll rendelkez\u00e9sre, akkor a Fogyaszt\u00f3 \u00e1ltal birtokolt \u00edr\u00e1sos bizony\u00edt\u00e9kokat az egyeztet\u00e9s megk\u00eds\u00e9rl\u00e9s\u00e9r\u0151l).<\/div>\n<div data-trid=\"2003\">&nbsp;<\/div>\n<div data-trid=\"2004\">Amennyiben meghatalmazott j\u00e1r el a panasz \u00fcgy\u00e9ben, a k\u00e9relemhez mell\u00e9kelni sz\u00fcks\u00e9ges a Fogyaszt\u00f3 \u00e1ltal kiadott meghatalmaz\u00e1st.<\/div>\n<div data-trid=\"2005\">&nbsp;<\/div>\n<div data-trid=\"2006\">Tov\u00e1bbi inform\u00e1ci\u00f3 a B\u00e9k\u00e9ltet\u0151 Test\u00fcletekr\u0151l:&nbsp;<a href=\"http:\/\/www.bekeltetes.hu\/\" data-trid=\"2007\">http:\/\/www.bekeltetes.hu<\/a><\/div>\n<div data-trid=\"2008\">&nbsp;<\/div>\n<div data-trid=\"2009\">Tov\u00e1bbi inform\u00e1ci\u00f3 a ter\u00fcletileg illet\u00e9kes B\u00e9k\u00e9ltet\u0151 Test\u00fcletekr\u0151l:&nbsp;&nbsp;<a href=\"https:\/\/bekeltetes.hu\/index.php?id=testuletek\" data-trid=\"2010\">https:\/\/bekeltetes.hu\/index.php?id=testuletek<\/a><\/div>\n<div data-trid=\"2011\">&nbsp;<\/div>\n<div data-trid=\"2012\">&nbsp;<\/div>\n<div data-trid=\"2013\"><b data-trid=\"2014\">A ter\u00fcletileg illet\u00e9kes B\u00e9k\u00e9ltet\u0151 Test\u00fcletek el\u00e9rhet\u0151s\u00e9gei:<\/b><\/div>\n<div data-trid=\"2015\">&nbsp;<\/div>\n<div data-trid=\"2016\">Baranya Megyei B\u00e9k\u00e9ltet\u0151 Test\u00fclet<\/div>\n<div data-trid=\"2017\">&nbsp;<\/div>\n<div data-trid=\"2018\">C\u00edm: 7625 P\u00e9cs, Majorossy I. u. 36.<\/div>\n<div data-trid=\"2019\">&nbsp;<\/div>\n<div data-trid=\"2020\">Telefonsz\u00e1m: 06-72&nbsp;507-154<\/div>\n<div data-trid=\"2021\">&nbsp;<\/div>\n<div data-trid=\"2022\">Fax: 06-72&nbsp;507-152<\/div>\n<div data-trid=\"2023\">&nbsp;<\/div>\n<div data-trid=\"2024\">E-mail c\u00edm:&nbsp;<a href=\"mailto:abeck@pbkik.hu\" data-trid=\"2025\">abeck@pbkik.hu<\/a>,&nbsp;<a href=\"mailto:mbonyar@pbkik.hu\" data-trid=\"2026\">mbonyar@pbkik.hu<\/a><\/div>\n<div data-trid=\"2027\">&nbsp;<\/div>\n<div data-trid=\"2028\">&nbsp;<\/div>\n<div data-trid=\"2030\">&nbsp;<\/div>\n<div data-trid=\"2031\">B\u00e1cs-Kiskun Megyei B\u00e9k\u00e9ltet\u0151 Test\u00fclet<\/div>\n<div data-trid=\"2032\">&nbsp;<\/div>\n<div data-trid=\"2033\">C\u00edm: 6000 Kecskem\u00e9t, \u00c1rp\u00e1d krt. 4.<\/div>\n<div data-trid=\"2034\">&nbsp;<\/div>\n<div data-trid=\"2035\">Telefonsz\u00e1m: 06-76&nbsp;501-500, 06-76&nbsp;501-525, 06-76&nbsp;501-523<\/div>\n<div data-trid=\"2036\">&nbsp;<\/div>\n<div data-trid=\"2037\">Fax: 06-76&nbsp;501-538<\/div>\n<div data-trid=\"2038\">&nbsp;<\/div>\n<div data-trid=\"2039\">E-mail c\u00edm:&nbsp;<a href=\"mailto:bekeltetes@bacsbekeltetes.hu\" data-trid=\"2040\">bekeltetes@bacsbekeltetes.hu<\/a>,&nbsp;<a href=\"mailto:mariann.matyus@bkmkik.hu\" data-trid=\"2041\">mariann.matyus@bkmkik.hu<\/a><\/div>\n<div data-trid=\"2042\">&nbsp;<\/div>\n<div data-trid=\"2043\">Honlap:&nbsp;<a href=\"http:\/\/www.bacsbekeltetes.hu\/\" data-trid=\"2044\">www.bacsbekeltetes.hu<\/a><\/div>\n<div data-trid=\"2045\">&nbsp;<\/div>\n<div data-trid=\"2046\">&nbsp;<\/div>\n<div data-trid=\"2047\">&nbsp;<\/div>\n<div data-trid=\"2048\">B\u00e9k\u00e9s Megyei B\u00e9k\u00e9ltet\u0151 Test\u00fclet<\/div>\n<div data-trid=\"2049\">&nbsp;<\/div>\n<div data-trid=\"2050\">C\u00edm: 5600 B\u00e9k\u00e9scsaba, Penza ltp. 5.<\/div>\n<div data-trid=\"2051\">&nbsp;<\/div>\n<div data-trid=\"2052\">Telefonsz\u00e1m: 06-66 324-976<\/div>\n<div data-trid=\"2053\">&nbsp;<\/div>\n<div data-trid=\"2054\">Fax: 06-66 324-976<\/div>\n<div data-trid=\"2055\">&nbsp;<\/div>\n<div data-trid=\"2056\">E-mail c\u00edm:&nbsp;<a href=\"mailto:eva.toth@bmkik.hu\" data-trid=\"2057\">eva.toth@bmkik.hu<\/a><\/div>\n<div data-trid=\"2058\">&nbsp;<\/div>\n<div data-trid=\"2059\">&nbsp;<\/div>\n<div data-trid=\"2060\">&nbsp;<\/div>\n<div data-trid=\"2061\">Borsod-Aba\u00faj-Zempl\u00e9n Megyei B\u00e9k\u00e9ltet\u0151 Test\u00fclet<\/div>\n<div data-trid=\"2062\">&nbsp;<\/div>\n<div data-trid=\"2063\">C\u00edm: 3525 Miskolc, Szentp\u00e1li u. 1.<\/div>\n<div data-trid=\"2064\">&nbsp;<\/div>\n<div data-trid=\"2065\">Telefonsz\u00e1m:06-46 501-091, 06-46 501-870<\/div>\n<div data-trid=\"2066\">&nbsp;<\/div>\n<div data-trid=\"2067\">Fax: 06-46 501-099<\/div>\n<div data-trid=\"2068\">&nbsp;<\/div>\n<div data-trid=\"2069\">E-mail c\u00edm:&nbsp;<a href=\"mailto:kalna.zsuzsa@bokik.hu\" data-trid=\"2070\">kalna.zsuzsa@bokik.hu<\/a><\/div>\n<div data-trid=\"2071\">&nbsp;<\/div>\n<div data-trid=\"2072\">&nbsp;<\/div>\n<div data-trid=\"2073\">&nbsp;<\/div>\n<div data-trid=\"2074\">Budapesti B\u00e9k\u00e9ltet\u0151 Test\u00fclet<\/div>\n<div data-trid=\"2075\">&nbsp;<\/div>\n<div data-trid=\"2076\">C\u00edm: 1016 Budapest, Krisztina krt. 99. III. em. 310.<\/div>\n<div data-trid=\"2077\">&nbsp;<\/div>\n<div data-trid=\"2078\">Telefonsz\u00e1m: 06-1 488-2131<\/div>\n<div data-trid=\"2079\">&nbsp;<\/div>\n<div data-trid=\"2080\">Fax: 06-1 488-2186<\/div>\n<div data-trid=\"2081\">&nbsp;<\/div>\n<div data-trid=\"2082\">E-mail c\u00edm:&nbsp;<a href=\"mailto:bekelteto.testulet@bkik.hu\" data-trid=\"2083\">bekelteto.testulet@bkik.hu<\/a><\/div>\n<div data-trid=\"2084\">&nbsp;<\/div>\n<div data-trid=\"2085\">&nbsp;<\/div>\n<div data-trid=\"2086\">&nbsp;<\/div>\n<div data-trid=\"2087\">Csongr\u00e1d Megyei B\u00e9k\u00e9ltet\u0151 Test\u00fclet<\/div>\n<div data-trid=\"2088\">&nbsp;<\/div>\n<div data-trid=\"2089\">C\u00edm: 6721 Szeged, P\u00e1rizsi krt. 8-12.<\/div>\n<div data-trid=\"2090\">&nbsp;<\/div>\n<div data-trid=\"2091\">Telefonsz\u00e1m: 06-62 554-250\/118<\/div>\n<div data-trid=\"2092\">&nbsp;<\/div>\n<div data-trid=\"2093\">Fax: 06-62 426-149<\/div>\n<div data-trid=\"2094\">&nbsp;<\/div>\n<div data-trid=\"2095\">E-mail c\u00edm:&nbsp;<a href=\"mailto:bekelteto.testulet@csmkik.hu\" data-trid=\"2096\">bekelteto.testulet@csmkik.hu<\/a><\/div>\n<div data-trid=\"2097\">&nbsp;<\/div>\n<div data-trid=\"2098\">&nbsp;<\/div>\n<div data-trid=\"2099\">&nbsp;<\/div>\n<div data-trid=\"2100\">Fej\u00e9r Megyei B\u00e9k\u00e9ltet\u0151 Test\u00fclet<\/div>\n<div data-trid=\"2101\">&nbsp;<\/div>\n<div data-trid=\"2102\">C\u00edm: 8000 Sz\u00e9kesfeh\u00e9rv\u00e1r, Hossz\u00fas\u00e9tat\u00e9r 4-6.<\/div>\n<div data-trid=\"2103\">&nbsp;<\/div>\n<div data-trid=\"2104\">Telefonsz\u00e1m:06-22 510-310<\/div>\n<div data-trid=\"2105\">&nbsp;<\/div>\n<div data-trid=\"2106\">Fax: 06-22 510-312<\/div>\n<div data-trid=\"2107\">&nbsp;<\/div>\n<div data-trid=\"2108\">E-mail c\u00edm:&nbsp;<a href=\"mailto:fmkik@fmkik.hu\" data-trid=\"2109\">fmkik@fmkik.hu<\/a><\/div>\n<div data-trid=\"2110\">&nbsp;<\/div>\n<div data-trid=\"2111\">&nbsp;<\/div>\n<div data-trid=\"2112\">&nbsp;<\/div>\n<div data-trid=\"2113\">Gy\u0151r-Moson-Sopron Megyei B\u00e9k\u00e9ltet\u0151 Test\u00fclet<\/div>\n<div data-trid=\"2114\">&nbsp;<\/div>\n<div data-trid=\"2115\">C\u00edm: 9021 Gy\u0151r, Szent Istv\u00e1n \u00fat 10\/a.<\/div>\n<div data-trid=\"2116\">&nbsp;<\/div>\n<div data-trid=\"2117\">Telefonsz\u00e1m: 06-96 520-217<\/div>\n<div data-trid=\"2118\">&nbsp;<\/div>\n<div data-trid=\"2119\">Fax: 06-96 520-218<\/div>\n<div data-trid=\"2120\">&nbsp;<\/div>\n<div data-trid=\"2121\">E-mail c\u00edm:&nbsp;<a href=\"mailto:bekeltetotestulet@gymskik.hu\" data-trid=\"2122\">bekeltetotestulet@gymskik.hu<\/a><\/div>\n<div data-trid=\"2123\">&nbsp;<\/div>\n<div data-trid=\"2124\">&nbsp;<\/div>\n<div data-trid=\"2125\">&nbsp;<\/div>\n<div data-trid=\"2126\">Hajd\u00fa-Bihar Megyei B\u00e9k\u00e9ltet\u0151 Test\u00fclet<\/div>\n<div data-trid=\"2127\">&nbsp;<\/div>\n<div data-trid=\"2128\">C\u00edm: 4025 Debrecen, V\u00f6r\u00f6smarty u. 13-15.<\/div>\n<div data-trid=\"2129\">&nbsp;<\/div>\n<div data-trid=\"2130\">Telefonsz\u00e1m: 06-52 500-710<\/div>\n<div data-trid=\"2131\">&nbsp;<\/div>\n<div data-trid=\"2132\">Fax: 06-52 500-720<\/div>\n<div data-trid=\"2133\">&nbsp;<\/div>\n<div data-trid=\"2134\">E-mail c\u00edm:&nbsp;<a href=\"mailto:korosi.vanda@hbkik.hu\" data-trid=\"2135\">korosi.vanda@hbkik.hu<\/a><\/div>\n<div data-trid=\"2136\">&nbsp;<\/div>\n<div data-trid=\"2137\">&nbsp;<\/div>\n<div data-trid=\"2138\">&nbsp;<\/div>\n<div data-trid=\"2139\">Heves Megyei B\u00e9k\u00e9ltet\u0151 Test\u00fclet<\/div>\n<div data-trid=\"2140\">&nbsp;<\/div>\n<div data-trid=\"2141\">C\u00edm: 3300 Eger, Faiskola \u00fat 15.<\/div>\n<div data-trid=\"2142\">&nbsp;<\/div>\n<div data-trid=\"2143\">Telefonsz\u00e1m: 06-36 429-612<\/div>\n<div data-trid=\"2144\">&nbsp;<\/div>\n<div data-trid=\"2145\">Fax: 06-36 323-615<\/div>\n<div data-trid=\"2146\">&nbsp;<\/div>\n<div data-trid=\"2147\">E-mail c\u00edm:&nbsp;<a href=\"mailto:hkik@hkik.hu\" data-trid=\"2148\">hkik@hkik.hu<\/a><\/div>\n<div data-trid=\"2149\">&nbsp;<\/div>\n<div data-trid=\"2150\">J\u00e1sz-Nagykun-Szolnok Megyei B\u00e9k\u00e9ltet\u0151 Test\u00fclet<\/div>\n<div data-trid=\"2151\">&nbsp;<\/div>\n<div data-trid=\"2152\">C\u00edm: 5000 Szolnok, Verseghy park 8. III. emelet 305-306.<\/div>\n<div data-trid=\"2153\">&nbsp;<\/div>\n<div data-trid=\"2154\">Telefonsz\u00e1m: 06-56 510-621, 06-20 373-2570<\/div>\n<div data-trid=\"2155\">&nbsp;<\/div>\n<div data-trid=\"2156\">Fax: 06-56 510-628<\/div>\n<div data-trid=\"2157\">&nbsp;<\/div>\n<div data-trid=\"2158\">E-mail c\u00edm:&nbsp;<a href=\"mailto:bekeltetotestulet@jnszmkik.hu\" data-trid=\"2159\">bekeltetotestulet@jnszmkik.hu<\/a><\/div>\n<div data-trid=\"2160\">&nbsp;<\/div>\n<div data-trid=\"2161\">&nbsp;<\/div>\n<div data-trid=\"2162\">&nbsp;<\/div>\n<div data-trid=\"2163\">Kom\u00e1rom-Esztergom Megyei B\u00e9k\u00e9ltet\u0151 Test\u00fclet<\/div>\n<div data-trid=\"2164\">&nbsp;<\/div>\n<div data-trid=\"2165\">C\u00edm: 2800 Tatab\u00e1nya, F\u0151 t\u00e9r 36.<\/div>\n<div data-trid=\"2166\">&nbsp;<\/div>\n<div data-trid=\"2167\">Telefonsz\u00e1m: 06-34 513-027<\/div>\n<div data-trid=\"2168\">&nbsp;<\/div>\n<div data-trid=\"2169\">Fax: 06-34 316-259<\/div>\n<div data-trid=\"2170\">&nbsp;<\/div>\n<div data-trid=\"2171\">E-mail c\u00edm:&nbsp;<a href=\"mailto:szilvi@kemkik.hu\" data-trid=\"2172\">szilvi@kemkik.hu<\/a><\/div>\n<div data-trid=\"2173\">&nbsp;<\/div>\n<div data-trid=\"2174\">&nbsp;<\/div>\n<div data-trid=\"2175\">&nbsp;<\/div>\n<div data-trid=\"2176\">N\u00f3gr\u00e1d Megyei B\u00e9k\u00e9ltet\u0151 Test\u00fclet<\/div>\n<div data-trid=\"2177\">&nbsp;<\/div>\n<div data-trid=\"2178\">C\u00edm: 3100 Salg\u00f3tarj\u00e1n, Alkotm\u00e1ny \u00fat 9\/A.<\/div>\n<div data-trid=\"2179\">&nbsp;<\/div>\n<div data-trid=\"2180\">Telefonsz\u00e1m: 06-32 520-860<\/div>\n<div data-trid=\"2181\">&nbsp;<\/div>\n<div data-trid=\"2182\">Fax: 06-32 520-862<\/div>\n<div data-trid=\"2183\">&nbsp;<\/div>\n<div data-trid=\"2184\">E-mail c\u00edm:&nbsp;<a href=\"mailto:nkik@nkik.hu\" data-trid=\"2185\">nkik@nkik.hu<\/a><\/div>\n<div data-trid=\"2186\">&nbsp;<\/div>\n<div data-trid=\"2187\">&nbsp;<\/div>\n<div data-trid=\"2188\">&nbsp;<\/div>\n<div data-trid=\"2189\">Pest Megyei B\u00e9k\u00e9ltet\u0151 Test\u00fclet<\/div>\n<div data-trid=\"2190\">&nbsp;<\/div>\n<div data-trid=\"2191\">C\u00edm: 1119 Budapest, Etele \u00fat 59-61. II. emelet 240.<\/div>\n<div data-trid=\"2192\">&nbsp;<\/div>\n<div data-trid=\"2193\">Levelez\u00e9si c\u00edm: 1364 Budapest, Pf.: 81.<\/div>\n<div data-trid=\"2194\">&nbsp;<\/div>\n<div data-trid=\"2195\">Telefonsz\u00e1m: 06-1 269-0703<\/div>\n<div data-trid=\"2196\">&nbsp;<\/div>\n<div data-trid=\"2197\">Fax: 06-1 474-7921<\/div>\n<div data-trid=\"2198\">&nbsp;<\/div>\n<div data-trid=\"2199\">E-mail c\u00edm:&nbsp;<a href=\"mailto:pmbekelteto@pmkik.hu\" data-trid=\"2200\">pmbekelteto@pmkik.hu<\/a><\/div>\n<div data-trid=\"2201\">&nbsp;<\/div>\n<div data-trid=\"2202\">&nbsp;<\/div>\n<div data-trid=\"2203\">&nbsp;<\/div>\n<div data-trid=\"2204\">Somogy Megyei B\u00e9k\u00e9ltet\u0151 Test\u00fclet<\/div>\n<div data-trid=\"2205\">&nbsp;<\/div>\n<div data-trid=\"2206\">C\u00edm: 7400 Kaposv\u00e1r, Anna u. 6.<\/div>\n<div data-trid=\"2207\">&nbsp;<\/div>\n<div data-trid=\"2208\">Telefonsz\u00e1m: 06-82 501-026<\/div>\n<div data-trid=\"2209\">&nbsp;<\/div>\n<div data-trid=\"2210\">Fax: 06-82 501-046<\/div>\n<div data-trid=\"2211\">&nbsp;<\/div>\n<div data-trid=\"2212\">E-mail c\u00edm:&nbsp;<a href=\"mailto:skik@skik.hu\" data-trid=\"2213\">skik@skik.hu<\/a><\/div>\n<div data-trid=\"2214\">&nbsp;<\/div>\n<div data-trid=\"2215\">&nbsp;<\/div>\n<div data-trid=\"2216\">&nbsp;<\/div>\n<div data-trid=\"2217\">Szabolcs-Szatm\u00e1r-Bereg Megyei B\u00e9k\u00e9ltet\u0151 Test\u00fclet<\/div>\n<div data-trid=\"2218\">&nbsp;<\/div>\n<div data-trid=\"2219\">C\u00edm: 4400 Ny\u00edregyh\u00e1za, Sz\u00e9chenyi u. 2.<\/div>\n<div data-trid=\"2220\">&nbsp;<\/div>\n<div data-trid=\"2221\">Telefonsz\u00e1m: 06-42 311-544<\/div>\n<div data-trid=\"2222\">&nbsp;<\/div>\n<div data-trid=\"2223\">Fax: 06-42 311-750<\/div>\n<div data-trid=\"2224\">&nbsp;<\/div>\n<div data-trid=\"2225\">E-mail c\u00edm:&nbsp;<a href=\"mailto:bekelteto@szabkam.hu\" data-trid=\"2226\">bekelteto@szabkam.hu<\/a><\/div>\n<div data-trid=\"2227\">&nbsp;<\/div>\n<div data-trid=\"2228\">&nbsp;<\/div>\n<div data-trid=\"2229\">&nbsp;<\/div>\n<div data-trid=\"2230\">Tolna Megyei B\u00e9k\u00e9ltet\u0151 Test\u00fclet<\/div>\n<div data-trid=\"2231\">&nbsp;<\/div>\n<div data-trid=\"2232\">C\u00edm: 7100 Szeksz\u00e1rd, Arany J. u. 23-25. III. emelet<\/div>\n<div data-trid=\"2233\">&nbsp;<\/div>\n<div data-trid=\"2234\">Telefonsz\u00e1m: 06-74 411-661<\/div>\n<div data-trid=\"2235\">&nbsp;<\/div>\n<div data-trid=\"2236\">Fax: 06-74 411-456<\/div>\n<div data-trid=\"2237\">&nbsp;<\/div>\n<div data-trid=\"2238\">E-mail c\u00edm:&nbsp;<a href=\"mailto:kamara@tmkik.hu\" data-trid=\"2239\">kamara@tmkik.hu<\/a><\/div>\n<div data-trid=\"2240\">&nbsp;<\/div>\n<div data-trid=\"2241\">&nbsp;<\/div>\n<div data-trid=\"2242\">&nbsp;<\/div>\n<div data-trid=\"2243\">Vas Megyei B\u00e9k\u00e9ltet\u0151 Test\u00fclet<\/div>\n<div data-trid=\"2244\">&nbsp;<\/div>\n<div data-trid=\"2245\">C\u00edm: 9700 Szombathely, Honv\u00e9d t\u00e9r 2.<\/div>\n<div data-trid=\"2246\">&nbsp;<\/div>\n<div data-trid=\"2247\">Telefonsz\u00e1m: 06-94 312-356<\/div>\n<div data-trid=\"2248\">&nbsp;<\/div>\n<div data-trid=\"2249\">Fax: 06-94 316-936<\/div>\n<div data-trid=\"2250\">&nbsp;<\/div>\n<div data-trid=\"2251\">E-mail c\u00edm:&nbsp;<a href=\"mailto:vmkik@vmkik.hu\" data-trid=\"2252\">vmkik@vmkik.hu<\/a><\/div>\n<div data-trid=\"2253\">&nbsp;<\/div>\n<div data-trid=\"2254\">&nbsp;<\/div>\n<div data-trid=\"2255\">&nbsp;<\/div>\n<div data-trid=\"2256\">Veszpr\u00e9m Megyei B\u00e9k\u00e9ltet\u0151 Test\u00fclet<\/div>\n<div data-trid=\"2257\">&nbsp;<\/div>\n<div data-trid=\"2258\">C\u00edm: 8200 Veszpr\u00e9m, Radn\u00f3ti t\u00e9r 1. f\u00f6ldszint 116.<\/div>\n<div data-trid=\"2259\">&nbsp;<\/div>\n<div data-trid=\"2260\">Telefonsz\u00e1m: 06-88 429-008<\/div>\n<div data-trid=\"2261\">&nbsp;<\/div>\n<div data-trid=\"2262\">Fax: 06-88 412-150<\/div>\n<div data-trid=\"2263\">&nbsp;<\/div>\n<div data-trid=\"2264\">E-mail c\u00edm:&nbsp;<a href=\"mailto:bekelteto@veszpremikamara.hu\" data-trid=\"2265\">bekelteto@veszpremikamara.hu<\/a><\/div>\n<div data-trid=\"2266\">&nbsp;<\/div>\n<div data-trid=\"2267\">&nbsp;<\/div>\n<div data-trid=\"2268\">&nbsp;<\/div>\n<div data-trid=\"2269\">Zala Megyei B\u00e9k\u00e9ltet\u0151 Test\u00fclet<\/div>\n<div data-trid=\"2270\">&nbsp;<\/div>\n<div data-trid=\"2271\">C\u00edm: 8900 Zalaegerszeg, Pet\u0151fi u. 24.<\/div>\n<div data-trid=\"2272\">&nbsp;<\/div>\n<div data-trid=\"2273\">Telefonsz\u00e1m: 06-92 550-513<\/div>\n<div data-trid=\"2274\">&nbsp;<\/div>\n<div data-trid=\"2275\">Fax: 06-92 550-525<\/div>\n<div data-trid=\"2276\">&nbsp;<\/div>\n<div data-trid=\"2277\">E-mail c\u00edm:&nbsp;<a href=\"mailto:zmbekelteto@zmkik.hu\" data-trid=\"2278\">zmbekelteto@zmkik.hu<\/a><\/div>\n<div data-trid=\"2279\">&nbsp;<\/div>\n<div data-trid=\"2280\">&nbsp;<\/div>\n<div data-trid=\"2281\">&nbsp;<\/div>\n<div data-trid=\"2282\"><b data-trid=\"2283\">Online vitarendez\u00e9si platform:<\/b><\/div>\n<div data-trid=\"2284\">Az Eur\u00f3pai Bizotts\u00e1g \u00e1ltal l\u00e9trehozott weboldalon, Fogyaszt\u00f3i regisztr\u00e1ci\u00f3t k\u00f6vet\u0151en, az oldalon tal\u00e1lhat\u00f3 k\u00e9relem kit\u00f6lt\u00e9s\u00e9vel a Fogyaszt\u00f3 rendezheti az online v\u00e1s\u00e1rl\u00e1ssal kapcsolatos jogvit\u00e1it b\u00edr\u00f3s\u00e1gi elj\u00e1r\u00e1s ind\u00edt\u00e1sa n\u00e9lk\u00fcl. Ez is egy m\u00f3dja a t\u00e1vols\u00e1gi korl\u00e1tok n\u00e9lk\u00fcli Fogyaszt\u00f3i jog\u00e9rv\u00e9nyes\u00edt\u00e9snek.<\/div>\n<div data-trid=\"2285\">&nbsp;<\/div>\n<div data-trid=\"2286\">\u00d6n panaszt tehet az online v\u00e1s\u00e1rolt term\u00e9kkel\/szolg\u00e1ltat\u00e1ssal kapcsolatban.<\/div>\n<div data-trid=\"2287\">&nbsp;<\/div>\n<div data-trid=\"2288\">\u00d6nnek \u00e9s az \u00d6n \u00e1ltal bepanaszolt c\u00e9gnek lehet\u0151s\u00e9ge van ezen az online vitarendez\u00e9si platformon egy\u00fctt kiv\u00e1lasztani, hogy mely vitarendez\u00e9si test\u00fcletet b\u00edzz\u00e1k meg a panasz kezel\u00e9s\u00e9vel.<\/div>\n<div data-trid=\"2289\">&nbsp;<\/div>\n<div data-trid=\"2290\">Az online vitarendez\u00e9si platform a k\u00f6vetkez\u0151 weboldalon \u00e9rhet\u0151 el:&nbsp;<a href=\"https:\/\/webgate.ec.europa.eu\/odr\/main\/?event=main.home.show&amp;lng=HU\" data-trid=\"2291\">https:\/\/webgate.ec.europa.eu\/odr\/main\/?event=main.home.show&amp;lng=HU<\/a><\/div>\n<div data-trid=\"2292\">&nbsp;<\/div>\n<div data-trid=\"2293\"><b data-trid=\"2294\">Szerz\u0151i jogok:<\/b><\/div>\n<div data-trid=\"2295\">Weboldalunk szerz\u0151i m\u0171nek min\u0151s\u00fcl a szerz\u0151i jogr\u00f3l sz\u00f3l\u00f3 1999. \u00e9vi LXXVI. t\u00f6rv\u00e9ny 1. \u00a7 (1) bekezd\u00e9se \u00e9rtelm\u00e9ben, szerz\u0151i jogi v\u00e9delem alatt \u00e1ll minden egyes r\u00e9sze. Tilos a weboldalunkon tal\u00e1lhat\u00f3 k\u00e9pek, sz\u00f6vegek, szoftveres, illetve grafikai programok enged\u00e9ly n\u00e9lk\u00fcli haszn\u00e1lata, tov\u00e1bb\u00e1 a weboldalunkat m\u00f3dos\u00edt\u00f3, k\u00e1rt\u00e9kony alkalmaz\u00e1sok haszn\u00e1lata, ugyanezen t\u00f6rv\u00e9ny 16. \u00a7 (1) bekezd\u00e9se szerint. Felh\u00edvjuk figyelm\u00e9t, hogy weboldalunkr\u00f3l, valamint adatb\u00e1zisunkb\u00f3l t\u00f6rt\u00e9n\u0151 anyagok, k\u00e9pek, vide\u00f3k, sz\u00f6vegek \u00e1tv\u00e9tel\u00e9re kiz\u00e1r\u00f3lag a jogtulajdonos (K\u00e1d\u00e1r Krisztina Ad\u00e9l E.V.) \u00edr\u00e1sos hozz\u00e1j\u00e1rul\u00e1sa eset\u00e9n van lehet\u0151s\u00e9g, forr\u00e1smegjel\u00f6l\u00e9s felt\u00fcntet\u00e9se mellett.<\/div>\n<div data-trid=\"2296\">&nbsp;<\/div>\n<div data-trid=\"2297\">&nbsp;<\/div>\n<div data-trid=\"2298\"><b data-trid=\"2299\">R\u00e9szleges \u00e9rv\u00e9nytelens\u00e9g \u00e9s magatart\u00e1si k\u00f3dex:<\/b><\/div>\n<div data-trid=\"2300\">Abban az esetben, ha az \u00c1ltal\u00e1nos szerz\u0151d\u00e9si felt\u00e9teleink egy pontja jogilag hi\u00e1nyos\/hat\u00e1lytalan lenne, arra a r\u00e9szre a vonatkoz\u00f3 jogszab\u00e1lyok rendelkez\u00e9sei az ir\u00e1nyad\u00f3ak. A szerz\u0151d\u00e9s t\u00f6bbi r\u00e9sze tov\u00e1bbra is \u00e9rv\u00e9nyes.<\/div>\n<div data-trid=\"2301\">&nbsp;<\/div>\n<div data-trid=\"2302\">C\u00e9g\u00fcnknek a Fogyaszt\u00f3kkal szembeni tisztess\u00e9gtelen kereskedelmi gyakorlat tilalm\u00e1r\u00f3l sz\u00f3l\u00f3 t\u00f6rv\u00e9ny szerinti magatart\u00e1si k\u00f3dexe nincsen.<\/div>\n<div data-trid=\"2303\">&nbsp;<\/div>\n<div data-trid=\"2304\">&nbsp;<\/div>\n<div data-trid=\"2305\"><b data-trid=\"2306\">M\u0171szaki v\u00e9delmi int\u00e9zked\u00e9sek \u00e9s digit\u00e1lis adattartalom m\u0171k\u00f6d\u00e9se:<\/b><\/div>\n<div data-trid=\"2307\">A szerverek, melyek a weboldalunkon megjelen\u0151 adatokat biztos\u00edtj\u00e1k, 99,9%\/\u00e9v feletti el\u00e9rhet\u0151s\u00e9ggel rendelkeznek. A teljes adattartalmat folyamatosan mentj\u00fck, rendszeres id\u0151k\u00f6z\u00f6nk\u00e9nt, ha gond ad\u00f3dna, \u00fagy az eredeti adatok vissza\u00e1ll\u00edthat\u00f3k. Az adatok, melyek weboldalunkon megjelennek, MySQL, illetve MSSQL adatb\u00e1zisban ker\u00fclnek t\u00e1rol\u00e1sra. Ezen adatokat \u00e9rz\u00e9keny mivoltukb\u00f3l ad\u00f3d\u00f3an megfelel\u0151 er\u0151ss\u00e9g\u0171 titkos\u00edt\u00e1ssal t\u00e1roljuk, k\u00f3dol\u00e1sukhoz pedig hardveres t\u00e1mogat\u00e1st haszn\u00e1lunk, mely processzorba van \u00e9p\u00edtve.<\/div>\n<div data-trid=\"2308\">&nbsp;<\/div>\n<div data-trid=\"2309\">&nbsp;<\/div>\n<div data-trid=\"2310\"><b data-trid=\"2311\">Term\u00e9kek tulajdons\u00e1gai:<\/b><\/div>\n<div data-trid=\"2312\">Weboldalunkon az \u00e9rt\u00e9kes\u00edt\u00e9sre sz\u00e1nt term\u00e9kek tulajdons\u00e1gair\u00f3l az adott term\u00e9k oldal\u00e1n tal\u00e1lhat\u00f3 le\u00edr\u00e1s szolg\u00e1ltat inform\u00e1ci\u00f3t.<\/div>\n<div data-trid=\"2313\">&nbsp;<\/div>\n<div data-trid=\"2314\"><b data-trid=\"2315\">Adatbeviteli hib\u00e1k jav\u00edt\u00e1sa \u00e9s felel\u0151ss\u00e9g az adatok val\u00f3s\u00e1g\u00e1\u00e9rt:<\/b><\/div>\n<div data-trid=\"2316\">A megrendel\u00e9s folyamata sor\u00e1n, a rendel\u00e9s meger\u0151s\u00edt\u00e9se el\u0151tt adott a lehet\u0151s\u00e9g az \u00d6n \u00e1ltal megadott adatok m\u00f3dos\u00edt\u00e1s\u00e1ra, jav\u00edt\u00e1s\u00e1ra. Az \u00d6n \u00e1ltal megadott adatok pontoss\u00e1g\u00e1\u00e9rt \u00d6n felel\u0151s. Ezen adatok alapj\u00e1n \u00e1ll\u00edtjuk ki a sz\u00e1ml\u00e1t, a sz\u00e1ll\u00edt\u00e1si c\u00edmk\u00e9nt megjel\u00f6lt c\u00edmre k\u00e9zbes\u00edtj\u00fck a term\u00e9ke(ke)t. Rendel\u00e9se lead\u00e1s\u00e1val \u00d6n tudom\u00e1sul veszi, hogy C\u00e9g\u00fcnk jogosult az \u00d6n \u00e1ltal hib\u00e1san megadott adatokb\u00f3l ered\u0151 k\u00e1rok, k\u00f6lts\u00e9gek \u00d6n r\u00e9sz\u00e9re t\u00f6rt\u00e9n\u0151 \u00e1th\u00e1r\u00edt\u00e1s\u00e1ra. C\u00e9g\u00fcnk a hib\u00e1s adatbevitel miatt val\u00f3 teljes\u00edt\u00e9s\u00e9rt kiz\u00e1rja felel\u0151ss\u00e9g\u00e9t. Az el\u00edrt e-mail c\u00edm vagy postafi\u00f3kja tel\u00edtetts\u00e9ge k\u00f6vetkezt\u00e9ben a visszaigazol\u00e1s k\u00e9zbes\u00edthetetlennek min\u0151s\u00fcl, ez\u00e1ltal a szerz\u0151d\u00e9s megval\u00f3sul\u00e1s\u00e1t (meg)akad\u00e1lyozhatja.<\/div>\n<div data-trid=\"2317\">&nbsp;<\/div>\n<div data-trid=\"2319\"><b data-trid=\"2320\">Elj\u00e1r\u00e1s hib\u00e1s \u00e1r eset\u00e9n:<\/b><\/div>\n<div data-trid=\"2321\">C\u00e9g\u00fcnk kiz\u00e1rja felel\u0151ss\u00e9g\u00e9t a minden gondoss\u00e1ga ellen\u00e9re, tov\u00e1bb\u00e1 az informatikai rendszer meghib\u00e1sod\u00e1s\u00e1b\u00f3l ered\u0151, nyilv\u00e1nval\u00f3an hib\u00e1san felt\u00fcntetett \u00e1r\u00e9rt.<\/div>\n<div data-trid=\"2322\">Nyilv\u00e1nval\u00f3an hib\u00e1san felt\u00fcntetett \u00e1rnak min\u0151s\u00fcl:<\/div>\n<div data-trid=\"2323\">Amennyiben hib\u00e1s \u00e1r ker\u00fclt felt\u00fcntet\u00e9sre, C\u00e9g\u00fcnk t\u00e1j\u00e9koztatja \u00d6nt az esetr\u0151l \u00e9s felk\u00edn\u00e1lja a term\u00e9k helyes \u00e1ron val\u00f3 megv\u00e9tel\u00e9nek lehet\u0151s\u00e9g\u00e9t, \u00edgy az \u00d6n d\u00f6nt\u00e9se \u00e9rtelm\u00e9ben vagy megrendeli a helyes \u00e1ron a term\u00e9ket vagy k\u00f6vetkezm\u00e9nyek n\u00e9lk\u00fcl el\u00e1llhat a v\u00e1s\u00e1rl\u00e1st\u00f3l.<\/div>\n<div data-trid=\"2324\">&nbsp;<\/div>\n<div data-trid=\"2325\"><b data-trid=\"2326\">Webshopunk haszn\u00e1lata:<\/b><\/div>\n<div data-trid=\"2327\">Webshopunk a Felhaszn\u00e1l\u00f3 r\u00e9sz\u00e9re biztos\u00edtja a term\u00e9kek bemutat\u00e1s\u00e1t (term\u00e9kek k\u00e9ppel, le\u00edr\u00e1ssal, \u00e1rral a weboldalon) \u00e9s az online megrendel\u00e9s opci\u00f3j\u00e1t. Weboldalunkon \u00d6n men\u00fcrendszerben b\u00f6ng\u00e9szhet. A term\u00e9keket kateg\u00f3ri\u00e1nk\u00e9nt rendszerezve tal\u00e1lja. Egy-egy kateg\u00f3ria nev\u00e9re kattintva megjelennek az abban szerepl\u0151 term\u00e9kek. A listaoldalr\u00f3l a term\u00e9k r\u00e9szletes le\u00edr\u00e1s\u00e1t a term\u00e9k nev\u00e9re kattintva tal\u00e1lja. Webshopunkban kulcssz\u00f3 alapj\u00e1n t\u00f6rt\u00e9n\u0151 keres\u00e9sre is van lehet\u0151s\u00e9g. Akci\u00f3s term\u00e9keinkn\u00e9l felt\u00fcntet\u00e9sre ker\u00fcl az akci\u00f3 kezdete \u00e9s lej\u00e1rata, illetve a \u201ek\u00e9szlet erej\u00e9ig\u201d jelz\u00e9s.<\/div>\n<div data-trid=\"2328\">&nbsp;<\/div>\n<div data-trid=\"2329\">Ha szeretne megv\u00e1s\u00e1rolni egy term\u00e9ket, azt (amennyiben t\u00f6bb darabot szeretne, a darabsz\u00e1m be\u00e1ll\u00edt\u00e1s\u00e1val, ezt k\u00f6vet\u0151en) a kos\u00e1r gombra t\u00f6rt\u00e9n\u0151 kattint\u00e1ssal teheti meg. A kos\u00e1rban l\u00e9v\u0151 term\u00e9keket a Kos\u00e1r megtekint\u00e9se seg\u00edts\u00e9g\u00e9vel n\u00e9zheti meg \u00e9s ellen\u0151rizheti. Itt lehet\u0151s\u00e9ge van m\u00f3dos\u00edtani a mennyis\u00e9geken vagy t\u00f6r\u00f6lni term\u00e9keket. A Kos\u00e1r ki\u00fcr\u00edt\u00e9s\u00e9re kattintva a kos\u00e1r teljes tartalma t\u00f6rl\u0151dik.<\/div>\n<div data-trid=\"2330\">&nbsp;<\/div>\n<div data-trid=\"2331\">Ha kiv\u00e1lasztotta, mely term\u00e9keket szeretn\u00e9 megrendelni, a Megrendel\u00e9s gombra t\u00f6rt\u00e9n\u0151 kattint\u00e1ssal, az oldalra bel\u00e9pve, amennyiben nincsen m\u00e9g regisztr\u00e1ci\u00f3ja, abban az esetben a regisztr\u00e1ci\u00f3 l\u00e9trehoz\u00e1s\u00e1val van lehet\u0151s\u00e9ge rendel\u00e9se lead\u00e1s\u00e1ra. Regisztr\u00e1ci\u00f3kor a k\u00f6vetkez\u0151 adatok megad\u00e1sa sz\u00fcks\u00e9ges: n\u00e9v, c\u00edm, sz\u00e1ml\u00e1z\u00e1si c\u00edm, sz\u00e1ll\u00edt\u00e1si c\u00edm, e-mail c\u00edm, telefonsz\u00e1m, jelsz\u00f3.&nbsp; A bel\u00e9p\u00e9si adatok biztons\u00e1ga a Felhaszn\u00e1l\u00f3 felel\u0151ss\u00e9ge, \u0151 felel\u0151s adatai friss\u00edt\u00e9s\u00e9\u00e9rt, k\u00f6teles C\u00e9g\u00fcnknek tudom\u00e1s\u00e1ra hozni, ha adataival harmadik f\u00e9l vissza\u00e9lt. Ha elfelejtette a jelsz\u00f3t, kattintson az \u201eElfelejtett jelsz\u00f3\u201d lehet\u0151s\u00e9gre, ezt k\u00f6vet\u0151en k\u00fcld\u00fcnk egy hivatkoz\u00e1st a Felhaszn\u00e1l\u00f3 regisztr\u00e1lt e-mail c\u00edm\u00e9re, melyre kattintva \u00faj jelsz\u00f3 hozhat\u00f3 l\u00e9tre.<\/div>\n<div data-trid=\"2332\">&nbsp;<\/div>\n<div data-trid=\"2333\">A megrendel\u00e9s folyamata sor\u00e1n a Felhaszn\u00e1l\u00f3nak sz\u00fcks\u00e9ges kiv\u00e1lasztani az \u00e1ltala prefer\u00e1lt fizet\u00e9si \u00e9s sz\u00e1ll\u00edt\u00e1si m\u00f3dot. K\u00f6zvetlen\u00fcl a rendel\u00e9s j\u00f3v\u00e1hagy\u00e1sa el\u0151tt a Felhaszn\u00e1l\u00f3 a Megrendel\u00e9s \u00f6sszes\u00edt\u00e9se oldalon ellen\u0151rizheti az adatok helyess\u00e9g\u00e9t, a megrendelni k\u00edv\u00e1nt term\u00e9keket \u00e9s mennyis\u00e9g\u00fcket. Ha jav\u00edtani szeretn\u00e9 az adatokat, a ceruza ikonra kattintva van m\u00f3d r\u00e1.<\/div>\n<div data-trid=\"2334\">&nbsp;<\/div>\n<div data-trid=\"2335\"><b data-trid=\"2336\">Rendel\u00e9s v\u00e9gleges\u00edt\u00e9se:<\/b><\/div>\n<div data-trid=\"2337\">Ha mindent rendben tal\u00e1l, a \u201eMegrendel\u00e9s elk\u00fcld\u00e9se\u201d gombra kattintva v\u00e9gleges\u00edtheti rendel\u00e9s\u00e9t, melyr\u0151l weboldalunkon \u00e9s e-mailben is visszaigazol\u00e1st kap. Abban az esetben, ha a visszaigazol\u00f3 e-mailben veszi \u00e9szre, hogy hib\u00e1s adatot adott meg, k\u00e9rj\u00fck, halad\u00e9ktalanul, 24 \u00f3r\u00e1n bel\u00fcl jelezze fel\u00e9nk.<\/div>\n<div data-trid=\"2338\">&nbsp;<\/div>\n<div data-trid=\"2339\">A weboldalunkon tal\u00e1lhat\u00f3 t\u00e1j\u00e9koztat\u00e1s nem min\u0151s\u00fcl C\u00e9g\u00fcnk r\u00e9sz\u00e9r\u0151l t\u00f6rt\u00e9n\u0151 szerz\u0151d\u00e9sk\u00f6t\u00e9si aj\u00e1nlatnak. Az aj\u00e1nlattev\u0151 \u00d6n.<\/div>\n<div data-trid=\"2340\">&nbsp;<\/div>\n<div data-trid=\"2341\">\u00d6n a \u201eMegrendel\u00e9s elk\u00fcld\u00e9se\u201d&nbsp;gombra kattintva tudom\u00e1sul veszi, hogy aj\u00e1nlata megtettnek min\u0151s\u00fcl \u00e9s nyilatkozata fizet\u00e9si k\u00f6telezetts\u00e9ggel j\u00e1r. Ha aj\u00e1nlat\u00e1t \u00c1ltal\u00e1nos szerz\u0151d\u00e9si felt\u00e9teleink szerinti 48 \u00f3r\u00e1n bel\u00fcl nem igazoljuk vissza, \u00d6n mentes\u00fcl aj\u00e1nlati k\u00f6t\u00f6tts\u00e9ge al\u00f3l.<\/div>\n<div data-trid=\"2342\">&nbsp;<\/div>\n<div data-trid=\"2343\"><b data-trid=\"2344\">Rendel\u00e9s feldolgoz\u00e1sa \u00e9s a szerz\u0151d\u00e9s megk\u00f6t\u00e9se:<\/b><\/div>\n<div data-trid=\"2345\">Webshopunkon \u00d6n b\u00e1rmikor leadhatja rendel\u00e9s\u00e9t. Rendel\u00e9s\u00e9r\u0151l automatikus visszaigazol\u00e1st kap, mely rendel\u00e9se be\u00e9rkez\u00e9s\u00e9t jelenti, azonban ez a visszaigazol\u00e1s nem min\u0151s\u00fcl az \u00d6n \u00e1ltal tett aj\u00e1nlat elfogad\u00e1s\u00e1nak. Ha rendel\u00e9s\u00e9t\u0151l sz\u00e1m\u00edtva 24 \u00f3r\u00e1n bel\u00fcl nem kap automatikus visszaigazol\u00e1st e-mailben, k\u00e9rj\u00fck, jelezze fel\u00e9nk, hiszen el\u0151fordulhat technikai probl\u00e9ma, elk\u00e9pzelhet\u0151, hogy emiatt nem \u00e9rkezett meg rendszer\u00fcnkbe rendel\u00e9se.<\/div>\n<div data-trid=\"2346\">&nbsp;<\/div>\n<div data-trid=\"2347\">C\u00e9g\u00fcnk egy m\u00e1sodik e-mailben igazolja vissza az \u00d6n aj\u00e1nlat\u00e1t, ekkor j\u00f6n l\u00e9tre a szerz\u0151d\u00e9s.<\/div>\n<div data-trid=\"2348\">&nbsp;<\/div>\n<div data-trid=\"2349\">&nbsp;<\/div>\n<div data-trid=\"2351\"><b data-trid=\"2352\">Fizet\u00e9si m\u00f3dok:<br data-trid=\"2353\"><\/b><br data-trid=\"2354\"><span data-trid=\"2355\">Bankk\u00e1rty\u00e1s fizet\u00e9s:<\/span><\/div>\n<div data-trid=\"2356\">Az online bankk\u00e1rty\u00e1s fizet\u00e9sek a Stripe rendszer\u00e9n kereszt\u00fcl val\u00f3sulnak meg. A bankk\u00e1rtya adatok a keresked\u0151h\u00f6z nem jutnak el.<\/div>\n<div data-trid=\"2357\">&nbsp;<\/div>\n<div data-trid=\"2432\">&nbsp;<\/div>\n<div data-trid=\"2434\"><b data-trid=\"2435\">K\u00fclf\u00f6ldi \u00e9rt\u00e9kes\u00edt\u00e9s:<\/b><\/div>\n<div data-trid=\"2436\">C\u00e9g\u00fcnk els\u0151sorban Magyarorsz\u00e1g ter\u00fclet\u00e9n bel\u00fcl biztos\u00edtja a megrendelt term\u00e9kek kisz\u00e1ll\u00edt\u00e1s\u00e1t\/\u00e1tv\u00e9tel\u00e9t \u00e9s szolg\u00e1ltat\u00e1s\u00e1t.&nbsp;<\/div>\n<div data-trid=\"2437\">&nbsp;<\/div>\n<div data-trid=\"2438\">A Magyarorsz\u00e1gon k\u00edv\u00fcli v\u00e1s\u00e1rl\u00e1sra szint\u00e9n \u00c1ltal\u00e1nos szerz\u0151d\u00e9si felt\u00e9teleink ir\u00e1nyad\u00f3ak. Fogyaszt\u00f3 ebben az esetben valamely tag\u00e1llam nagykor\u00fa \u00e1llampolg\u00e1ra vagy ott lak\u00f3hellyel rendelkez\u0151, gazdas\u00e1gi tev\u00e9kenys\u00e9ge, illetve szakm\u00e1ja k\u00f6r\u00e9n k\u00edv\u00fcl elj\u00e1r\u00f3 term\u00e9szetes szem\u00e9ly. V\u00e1llalkoz\u00e1s pedig valamely tag\u00e1llamban leteleped\u00e9si hellyel rendelkez\u0151, az Eur\u00f3pai Uni\u00f3n bel\u00fcl term\u00e9ket v\u00e1s\u00e1rl\u00f3 vagy szolg\u00e1ltat\u00e1st ig\u00e9nybe vev\u0151, gazdas\u00e1gi tev\u00e9kenys\u00e9ge, illetve szakm\u00e1ja k\u00f6r\u00e9ben elj\u00e1r\u00f3 szem\u00e9ly.<\/div>\n<div data-trid=\"2439\">&nbsp;<\/div>\n<div data-trid=\"2440\">A kommunik\u00e1ci\u00f3 \u00e9s v\u00e1s\u00e1rl\u00e1s els\u0151dleges nyelve magyar. C\u00e9g\u00fcnk nem k\u00f6teles a Fogyaszt\u00f3 tag\u00e1llam\u00e1nak megfelel\u0151 nyelven kommunik\u00e1lni.<\/div>\n<div data-trid=\"2441\">&nbsp;<\/div>\n<div data-trid=\"2442\">C\u00e9g\u00fcnk nem k\u00f6teles megfelelni a k\u00fclf\u00f6ldi Fogyaszt\u00f3k\/V\u00e1llalkoz\u00e1sok tag\u00e1llama szerinti nemzeti jogban az \u00e9rintett term\u00e9kkel \u00f6sszef\u00fcgg\u00e9sben meghat\u00e1rozott szerz\u0151d\u00e9sen k\u00edv\u00fcli k\u00f6vetelm\u00e9nyeknek.<\/div>\n<div data-trid=\"2443\">&nbsp;<\/div>\n<div data-trid=\"2444\">A k\u00fclf\u00f6ldi Fogyaszt\u00f3k\/V\u00e1llalkoz\u00e1sok az \u00c1ltal\u00e1nos szerz\u0151d\u00e9si felt\u00e9teleink szerint \u00e9lhetnek jog\u00e9rv\u00e9nyes\u00edt\u00e9si lehet\u0151s\u00e9g\u00fckkel.<\/div>\n<div data-trid=\"2445\">&nbsp;<\/div>\n<div data-trid=\"2446\">Online fizet\u00e9s eset\u00e9n a fizet\u00e9s a C\u00e9g\u00fcnk \u00e1ltal meghat\u00e1rozott p\u00e9nznemben t\u00f6rt\u00e9nik. C\u00e9g\u00fcnk visszatarthatja a term\u00e9k \u00e1tad\u00e1s\u00e1t, am\u00edg meggy\u0151z\u0151dik a v\u00e9tel\u00e1r \u00e9s sz\u00e1ll\u00edt\u00e1si d\u00edj sikeres kifizet\u00e9s\u00e9r\u0151l. Ha a v\u00e9tel\u00e1r nem ker\u00fclt teljes m\u00e9rt\u00e9kben kifizet\u00e9sre, C\u00e9g\u00fcnk felh\u00edvja a Fogyaszt\u00f3\/V\u00e1llalkoz\u00e1s figyelm\u00e9t a v\u00e9tel\u00e1r kieg\u00e9sz\u00edt\u00e9s\u00e9re.<\/div>\n<div data-trid=\"2447\">&nbsp;<\/div>\n<div data-trid=\"2448\">C\u00e9g\u00fcnk a magyar v\u00e1s\u00e1rl\u00f3kat megillet\u0151 \u00e1tad\u00e1si lehet\u0151s\u00e9geket biztos\u00edtja a nem magyarorsz\u00e1gi v\u00e1s\u00e1rl\u00f3knak is, amennyiben rendelkez\u00e9sre \u00e1ll az adott orsz\u00e1gban az adott sz\u00e1ll\u00edt\u00e1si m\u00f3d. A Fogyaszt\u00f3\/V\u00e1llalkoz\u00e1s k\u00e9rheti a term\u00e9k k\u00fclf\u00f6ldre t\u00f6rt\u00e9n\u0151 sz\u00e1ll\u00edt\u00e1s\u00e1t, a k\u00fclf\u00f6ldre vonatkoz\u00f3 sz\u00e1ll\u00edt\u00e1si d\u00edj megfizet\u00e9se mellett.<\/div>\n<div data-trid=\"2449\">&nbsp;<\/div>\n<div data-trid=\"2450\">Fogyaszt\u00f3i t\u00e1j\u00e9koztat\u00f3 a 45\/2014. (II. 26.) Korm. rendelet alapj\u00e1n:<\/div>\n<div data-trid=\"2451\">&nbsp;<\/div>\n<div data-trid=\"2452\"><b data-trid=\"2453\">T\u00e1j\u00e9koztat\u00e1s a Fogyaszt\u00f3t megillet\u0151 el\u00e1ll\u00e1si jogr\u00f3l:<\/b><\/div>\n<div data-trid=\"2454\">Fogyaszt\u00f3nak a Ptk. 8:1. \u00a7 1. bekezd\u00e9s 3. pontja alapj\u00e1n kiz\u00e1r\u00f3lag&nbsp;a szakm\u00e1ja, \u00f6n\u00e1ll\u00f3 foglalkoz\u00e1sa, \u00fczleti tev\u00e9kenys\u00e9ge k\u00f6r\u00e9n k\u00edv\u00fcl elj\u00e1r\u00f3 term\u00e9szetes szem\u00e9ly min\u0151s\u00fcl, ennek \u00e9rtelm\u00e9ben&nbsp;jogi szem\u00e9lyek nem \u00e9lhetnek az indokol\u00e1s n\u00e9lk\u00fcli el\u00e1ll\u00e1s jog\u00e1val!<\/div>\n<div data-trid=\"2455\">&nbsp;<\/div>\n<div data-trid=\"2456\">A Fogyaszt\u00f3t a 45\/2014. (II. 26.) Korm. rendelet 20. \u00a7 alapj\u00e1n indokol\u00e1s n\u00e9lk\u00fcli el\u00e1ll\u00e1si jog illet meg. A Fogyaszt\u00f3 gyakorolhatja el\u00e1ll\u00e1si jog\u00e1t a term\u00e9k ad\u00e1sv\u00e9tel\u00e9re ir\u00e1nyul\u00f3 szerz\u0151d\u00e9s eset\u00e9n a term\u00e9k \u00e1tv\u00e9tel\u00e9nek napj\u00e1t\u00f3l sz\u00e1m\u00edtott 14 napos hat\u00e1rid\u0151n bel\u00fcl.<\/div>\n<div data-trid=\"2457\">&nbsp;<\/div>\n<div data-trid=\"2458\">A Fogyaszt\u00f3 el\u00e1ll\u00e1si jog\u00e1t gyakorolhatja a szerz\u0151d\u00e9s megk\u00f6t\u00e9s\u00e9nek \u00e9s a term\u00e9k \u00e1tv\u00e9tel\u00e9nek napja k\u00f6zti id\u0151szakban is.<\/div>\n<div data-trid=\"2459\">&nbsp;<\/div>\n<div data-trid=\"2460\">Amennyiben a szerz\u0151d\u00e9s megk\u00f6t\u00e9s\u00e9re a Fogyaszt\u00f3 tett aj\u00e1nlatot, megilleti \u0151t a szerz\u0151d\u00e9s megk\u00f6t\u00e9se el\u0151tt az aj\u00e1nlat visszavon\u00e1s\u00e1nak joga, mely megsz\u00fcnteti a szerz\u0151d\u00e9s megk\u00f6t\u00e9s\u00e9re ir\u00e1nyul\u00f3 aj\u00e1nlati k\u00f6t\u00f6tts\u00e9get.<\/div>\n<div data-trid=\"2461\">&nbsp;<\/div>\n<div data-trid=\"2462\"><b data-trid=\"2463\">El\u00e1ll\u00e1si nyilatkozat, Fogyaszt\u00f3 el\u00e1ll\u00e1si \u00e9s felmond\u00e1si joga:<\/b><\/div>\n<div data-trid=\"2464\">A 45\/2014. (II. 26.) Korm. rendelet 20. \u00a7-ban biztos\u00edtott jog\u00e1t a Fogyaszt\u00f3 az erre vonatkoz\u00f3 nyilatkozata \u00fatj\u00e1n gyakorolhatja.<\/div>\n<div data-trid=\"2465\">&nbsp;<\/div>\n<div data-trid=\"2466\"><b data-trid=\"2467\">Fogyaszt\u00f3i el\u00e1ll\u00e1si nyilatkozat \u00e9rv\u00e9nyess\u00e9ge:<\/b><\/div>\n<div data-trid=\"2468\">Hat\u00e1rid\u0151ben \u00e9rv\u00e9nyes\u00edtettnek tekintj\u00fck az el\u00e1ll\u00e1si jogot, amennyiben a Fogyaszt\u00f3 nyilatkozat\u00e1t&nbsp;hat\u00e1rid\u0151n (14 napon) bel\u00fcl elk\u00fcldi r\u00e9sz\u00fcnkre.<\/div>\n<div data-trid=\"2469\">A Fogyaszt\u00f3t terheli a bizony\u00edt\u00e1s, miszerint el\u00e1ll\u00e1si jog\u00e1t e rendelkez\u00e9ssel \u00f6sszhangban gyakorolta.<\/div>\n<div data-trid=\"2470\">&nbsp;<\/div>\n<div data-trid=\"2471\">C\u00e9g\u00fcnk a Fogyaszt\u00f3 el\u00e1ll\u00e1si nyilatkozat\u00e1nak be\u00e9rkez\u00e9se ut\u00e1n elektronikusan visszaigazolja a Fogyaszt\u00f3 sz\u00e1m\u00e1ra az el\u00e1ll\u00e1si jog gyakorl\u00e1s\u00e1nak t\u00e9ny\u00e9t, illetve tudom\u00e1sul v\u00e9tel\u00e9t.<\/div>\n<div data-trid=\"2472\">&nbsp;<\/div>\n<div data-trid=\"2473\"><b data-trid=\"2474\">C\u00e9g\u00fcnk k\u00f6telezetts\u00e9ge a Fogyaszt\u00f3 el\u00e1ll\u00e1sa eset\u00e9n:<\/b><\/div>\n<div data-trid=\"2475\">&nbsp;<\/div>\n<div data-trid=\"2476\"><b data-trid=\"2477\">C\u00e9g\u00fcnk visszat\u00e9r\u00edt\u00e9si k\u00f6telezetts\u00e9ge:<\/b><\/div>\n<div data-trid=\"2478\">Ha a Fogyaszt\u00f3 a 45\/2014. (II. 26.) Korm. rendelet 22. \u00a7 alapj\u00e1n el\u00e1ll a szerz\u0151d\u00e9st\u0151l, C\u00e9g\u00fcnk az el\u00e1ll\u00e1sr\u00f3l t\u00f6rt\u00e9n\u0151 tudom\u00e1sszerz\u00e9st\u0151l sz\u00e1m\u00edtott 14 napon bel\u00fcl visszat\u00e9r\u00edti a Fogyaszt\u00f3 \u00e1ltal megfizetett teljes \u00f6sszeget, a teljes\u00edt\u00e9ssel \u00f6sszef\u00fcgg\u0151 k\u00f6lts\u00e9geket is bele\u00e9rtve, mint a sz\u00e1ll\u00edt\u00e1si d\u00edj. K\u00e9rj\u00fck, vegye figyelembe, hogy ezen rendelkez\u00e9s nem vonatkozik a szok\u00e1sos, kev\u00e9sb\u00e9 k\u00f6lts\u00e9ges sz\u00e1ll\u00edt\u00e1si m\u00f3dt\u00f3l elt\u00e9r\u0151 sz\u00e1ll\u00edt\u00e1si m\u00f3d v\u00e1laszt\u00e1s\u00e1val okozott t\u00f6bbletk\u00f6lts\u00e9gekre.<\/div>\n<div data-trid=\"2479\">&nbsp;<\/div>\n<div data-trid=\"2480\"><b data-trid=\"2481\">C\u00e9g\u00fcnk visszat\u00e9r\u00edt\u00e9si k\u00f6telezetts\u00e9g\u00e9nek m\u00f3dja:<\/b><\/div>\n<div data-trid=\"2482\">A 45\/2014. (II. 26.) Korm. rendelet 22. \u00a7 alapj\u00e1n t\u00f6rt\u00e9n\u0151 el\u00e1ll\u00e1s\/felmond\u00e1s eset\u00e9n C\u00e9g\u00fcnk a Fogyaszt\u00f3nak visszaj\u00e1r\u00f3 \u00f6sszeget a Fogyaszt\u00f3 \u00e1ltal ig\u00e9nybe vett fizet\u00e9si m\u00f3ddal megegyez\u0151en t\u00e9r\u00edti vissza. A Fogyaszt\u00f3 j\u00f3v\u00e1hagy\u00e1sa eset\u00e9n C\u00e9g\u00fcnk a visszat\u00e9r\u00edt\u00e9sre m\u00e1s fizet\u00e9si m\u00f3dot is alkalmazhat, azonban a Fogyaszt\u00f3t ebb\u0151l ad\u00f3d\u00f3 t\u00f6bbletd\u00edj nem terhelheti. A Fogyaszt\u00f3 \u00e1ltal hib\u00e1san megadott banksz\u00e1mlasz\u00e1m vagy postac\u00edm miatti k\u00e9sedelem folyt\u00e1n C\u00e9g\u00fcnket nem terheli felel\u0151ss\u00e9g.<\/div>\n<div data-trid=\"2483\">&nbsp;<\/div>\n<div data-trid=\"2484\"><b data-trid=\"2485\">T\u00f6bbletk\u00f6lts\u00e9gek:<\/b><\/div>\n<div data-trid=\"2486\">Ha a Fogyaszt\u00f3 a szok\u00e1sos, kev\u00e9sb\u00e9 k\u00f6lts\u00e9ges sz\u00e1ll\u00edt\u00e1si m\u00f3dt\u00f3l elt\u00e9r\u0151 sz\u00e1ll\u00edt\u00e1si m\u00f3dot v\u00e1laszt, C\u00e9g\u00fcnk nem k\u00f6teles visszat\u00e9r\u00edteni az ebb\u0151l ered\u0151 t\u00f6bbletk\u00f6lts\u00e9get. Ilyenkor visszat\u00e9r\u00edt\u00e9si k\u00f6telezetts\u00e9g\u00fcnk a felt\u00fcntetett \u00e1ltal\u00e1nos sz\u00e1ll\u00edt\u00e1si d\u00edjt\u00e9telek erej\u00e9ig \u00e1ll fenn.<\/div>\n<div data-trid=\"2487\">&nbsp;<\/div>\n<div data-trid=\"2488\"><b data-trid=\"2489\">Visszatart\u00e1si jog:<\/b><\/div>\n<div data-trid=\"2490\">C\u00e9g\u00fcnk visszatarthatja a Fogyaszt\u00f3nak visszaj\u00e1r\u00f3 \u00f6sszeget, am\u00edg a Fogyaszt\u00f3 vissza nem k\u00fcldte a term\u00e9ket vagy egy\u00e9rtelm\u0171en nem igazolta, hogy visszak\u00fcldte. Ut\u00e1nv\u00e9ttel, illetve port\u00f3san feladott csomagokat nem fogadunk el.<\/div>\n<div data-trid=\"2492\">&nbsp;<\/div>\n<div data-trid=\"2493\"><b data-trid=\"2494\">Fogyaszt\u00f3 k\u00f6telezetts\u00e9gei el\u00e1ll\u00e1sa\/felmond\u00e1sa eset\u00e9n:<\/b><\/div>\n<div data-trid=\"2495\">&nbsp;<\/div>\n<div data-trid=\"2496\"><b data-trid=\"2497\">Term\u00e9k visszaszolg\u00e1ltat\u00e1sa:<\/b><\/div>\n<div data-trid=\"2498\">Ha a Fogyaszt\u00f3 a 45\/2014. (II. 26.) Korm. rendelet 22. \u00a7 alapj\u00e1n el\u00e1ll a szerz\u0151d\u00e9st\u0151l, a term\u00e9ket halad\u00e9ktalanul, legk\u00e9s\u0151bb az el\u00e1ll\u00e1s k\u00f6zl\u00e9s\u00e9t\u0151l sz\u00e1m\u00edtott 14 napon bel\u00fcl k\u00f6teles visszak\u00fcldeni vagy C\u00e9g\u00fcnk \u00e1ltal a term\u00e9k \u00e1tv\u00e9tel\u00e9re jogosult szem\u00e9lynek \u00e1tadni. Hat\u00e1rid\u0151ben teljes\u00edtettnek min\u0151s\u00fcl a visszak\u00fcld\u00e9s, ha a Fogyaszt\u00f3 a term\u00e9ket a hat\u00e1rid\u0151 lej\u00e1rta el\u0151tt elk\u00fcldi.<\/div>\n<div data-trid=\"2499\">&nbsp;<\/div>\n<div data-trid=\"2500\"><b data-trid=\"2501\">Term\u00e9k visszaszolg\u00e1ltat\u00e1s\u00e1val kapcsolatos k\u00f6lts\u00e9gek visel\u00e9se:<\/b><\/div>\n<div data-trid=\"2502\">A term\u00e9k visszak\u00fcld\u00e9s\u00e9nek k\u00f6lts\u00e9ge a Fogyaszt\u00f3t terheli. A term\u00e9ket C\u00e9g\u00fcnk c\u00edm\u00e9re sz\u00fcks\u00e9ges visszak\u00fcldeni. Ha a Fogyaszt\u00f3 a szerz\u0151d\u00e9st a teljes\u00edt\u00e9s megkezd\u00e9se ut\u00e1n mondja fel, a felmond\u00e1s v\u00e1llalkoz\u00e1ssal val\u00f3 k\u00f6zl\u00e9se id\u0151pontj\u00e1ig teljes\u00edtett szolg\u00e1ltat\u00e1ssal ar\u00e1nyos d\u00edjat k\u00f6teles C\u00e9g\u00fcnk sz\u00e1m\u00e1ra megfizetni. A Fogyaszt\u00f3 \u00e1ltal ar\u00e1nyosan fizetend\u0151 \u00f6sszeget a szerz\u0151d\u00e9sben meg\u00e1llap\u00edtott ellenszolg\u00e1ltat\u00e1s ad\u00f3val n\u00f6velt teljes \u00f6sszege alapj\u00e1n kell meg\u00e1llap\u00edtani. Ha a Fogyaszt\u00f3 bizony\u00edtja, hogy az \u00edgy meg\u00e1llap\u00edtott \u00f6sszeg t\u00fal magas, az ar\u00e1nyos \u00f6sszeget a szerz\u0151d\u00e9s megsz\u0171n\u00e9s\u00e9nek id\u0151pontj\u00e1ig teljes\u00edtett szolg\u00e1ltat\u00e1sok piaci \u00e9rt\u00e9ke alapj\u00e1n kell kisz\u00e1m\u00edtani. Ut\u00e1nv\u00e9ttel, illetve port\u00f3san feladott csomagokat nem fogadunk el.<\/div>\n<div data-trid=\"2503\">&nbsp;<\/div>\n<div data-trid=\"2504\"><b data-trid=\"2505\">Fogyaszt\u00f3 felel\u0151ss\u00e9ge az \u00e9rt\u00e9kcs\u00f6kken\u00e9s\u00e9rt:<\/b><\/div>\n<div data-trid=\"2506\">A Fogyaszt\u00f3 felel a term\u00e9k jelleg\u00e9nek, tulajdons\u00e1g\u00e1nak, m\u0171k\u00f6d\u00e9s\u00e9nek meg\u00e1llap\u00edt\u00e1s\u00e1hoz sz\u00fcks\u00e9ges haszn\u00e1latot meghalad\u00f3 haszn\u00e1latb\u00f3l ered\u0151 \u00e9rt\u00e9kcs\u00f6kken\u00e9s\u00e9rt.<\/div>\n<div data-trid=\"2507\">&nbsp;<\/div>\n<div data-trid=\"2508\"><b data-trid=\"2509\">El\u00e1ll\u00e1si jog a k\u00f6vetkez\u0151 esetekben nem gyakorolhat\u00f3:<\/b><\/div>\n<div data-trid=\"2510\">Felh\u00edvjuk figyelm\u00e9t, hogy \u00d6n nem gyakorolhatja el\u00e1ll\u00e1si jog\u00e1t a 45\/2014 (II.26.) Korm. Rendelet 29. \u00a7. (1) bekezd\u00e9s\u00e9ben foglalt esetekben:<\/div>\n<div data-trid=\"2511\">&nbsp;<\/div>\n<div data-trid=\"2512\"><b data-trid=\"2513\">Kell\u00e9kszavatoss\u00e1g, term\u00e9kszavatoss\u00e1g, j\u00f3t\u00e1ll\u00e1s:<\/b><\/div>\n<div data-trid=\"2514\">A Fogyaszt\u00f3i t\u00e1j\u00e9koztat\u00f3 ezen pontja a 45\/2014 (II.26.) Korm. rendelet 9. \u00a7 (3) bekezd\u00e9se felhatalmaz\u00e1sa alapj\u00e1n a 45\/2014 (II.26.) Korm. rendelet 3. sz\u00e1m\u00fa mell\u00e9klete alkalmaz\u00e1s\u00e1val k\u00e9sz\u00fclt.<\/div>\n<div data-trid=\"2515\">&nbsp;<\/div>\n<div data-trid=\"2516\"><b data-trid=\"2517\">Kell\u00e9kszavatoss\u00e1g:<\/b><\/div>\n<div data-trid=\"2518\"><b data-trid=\"2519\">Milyen esetben \u00e9lhet \u00d6n kell\u00e9kszavatoss\u00e1gi jog\u00e1val?<\/b><\/div>\n<div data-trid=\"2520\">&nbsp;<\/div>\n<div data-trid=\"2521\">\u00d6n C\u00e9g\u00fcnk hib\u00e1s teljes\u00edt\u00e9se eset\u00e9n C\u00e9g\u00fcnkkel szemben kell\u00e9kszavatoss\u00e1gi ig\u00e9ny\u00e9t \u00e9rv\u00e9nyes\u00edtheti a Polg\u00e1ri T\u00f6rv\u00e9nyk\u00f6nyv vonatkoz\u00f3 szab\u00e1lyai szerint.<\/div>\n<div data-trid=\"2522\">&nbsp;<\/div>\n<div data-trid=\"2523\"><b data-trid=\"2524\">Milyen jogok illetik meg \u00d6nt kell\u00e9kszavatoss\u00e1gi ig\u00e9nye alapj\u00e1n?<\/b><\/div>\n<div data-trid=\"2525\">&nbsp;<\/div>\n<div data-trid=\"2526\">\u00d6n a k\u00f6vetkez\u0151 kell\u00e9kszavatoss\u00e1gi ig\u00e9nyekkel \u00e9lhet:<\/div>\n<div data-trid=\"2527\">&nbsp;<\/div>\n<div data-trid=\"2528\">K\u00e9rhet kijav\u00edt\u00e1st vagy kicser\u00e9l\u00e9st, kiv\u00e9ve, ha az \u00d6n \u00e1ltal v\u00e1lasztott lehet\u0151s\u00e9g teljes\u00edt\u00e9se lehetetlen vagy C\u00e9g\u00fcnk sz\u00e1m\u00e1ra ar\u00e1nytalan t\u00f6bbletk\u00f6lts\u00e9ggel j\u00e1rna. Ha kijav\u00edt\u00e1st vagy kicser\u00e9l\u00e9st nem k\u00e9rt vagy nem k\u00e9rhette, abban az esetben ig\u00e9nyelheti az ellenszolg\u00e1ltat\u00e1s ar\u00e1nyos lesz\u00e1ll\u00edt\u00e1s\u00e1t vagy a hib\u00e1t C\u00e9g\u00fcnk k\u00f6lts\u00e9g\u00e9re \u00d6n is kijav\u00edthatja, illetve m\u00e1ssal kijav\u00edttathatja vagy v\u00e9gs\u0151 esetben el\u00e1llhat a szerz\u0151d\u00e9st\u0151l.<\/div>\n<div data-trid=\"2529\">&nbsp;<\/div>\n<div data-trid=\"2530\">V\u00e1lasztott kell\u00e9kszavatoss\u00e1gi jog\u00e1r\u00f3l \u00e1tt\u00e9rhet egy m\u00e1sikra, az \u00e1tt\u00e9r\u00e9s k\u00f6lts\u00e9g\u00e9t azonban \u00d6n viseli, kiv\u00e9ve, ha az indokolt volt vagy arra C\u00e9g\u00fcnk adott okot.<\/div>\n<div data-trid=\"2531\">&nbsp;<\/div>\n<div data-trid=\"2532\"><b data-trid=\"2533\">Milyen hat\u00e1rid\u0151ben \u00e9rv\u00e9nyes\u00edtheti \u00d6n kell\u00e9kszavatoss\u00e1gi ig\u00e9ny\u00e9t?<\/b><\/div>\n<div data-trid=\"2534\">&nbsp;<\/div>\n<div data-trid=\"2535\">Az \u00d6n k\u00f6teless\u00e9ge a hib\u00e1t annak felfedez\u00e9s\u00e9t k\u00f6vet\u0151en halad\u00e9ktalanul, legk\u00e9s\u0151bb 2 h\u00f3napon bel\u00fcl jelezni. A szerz\u0151d\u00e9s teljes\u00edt\u00e9s\u00e9t\u0151l sz\u00e1m\u00edtott 2 \u00e9ves el\u00e9v\u00fcl\u00e9si hat\u00e1rid\u0151n t\u00fal kell\u00e9kszavatoss\u00e1gi jogait nem \u00e9rv\u00e9nyes\u00edtheti.<\/div>\n<div data-trid=\"2536\">&nbsp;<\/div>\n<div data-trid=\"2537\">Ha a Fogyaszt\u00f3 \u00e9s C\u00e9g\u00fcnk k\u00f6zti szerz\u0151d\u00e9s t\u00e1rgya haszn\u00e1lt dolog, a felek r\u00f6videbb el\u00e9v\u00fcl\u00e9si id\u0151ben is meg\u00e1llapodhatnak, de 1 \u00e9vn\u00e9l r\u00f6videbb el\u00e9v\u00fcl\u00e9si hat\u00e1rid\u0151 nem k\u00f6thet\u0151 ki.<\/div>\n<div data-trid=\"2538\">&nbsp;<\/div>\n<div data-trid=\"2539\"><b data-trid=\"2540\">Kivel szemben \u00e9rv\u00e9nyes\u00edtheti kell\u00e9kszavatoss\u00e1gi ig\u00e9ny\u00e9t?<\/b><\/div>\n<div data-trid=\"2541\">&nbsp;<\/div>\n<div data-trid=\"2542\">\u00d6n C\u00e9g\u00fcnkkel szemben \u00e9rv\u00e9nyes\u00edtheti kell\u00e9kszavatoss\u00e1gi ig\u00e9ny\u00e9t.<\/div>\n<div data-trid=\"2543\">&nbsp;<\/div>\n<div data-trid=\"2544\"><b data-trid=\"2545\">Milyen egy\u00e9b felt\u00e9tele van kell\u00e9kszavatoss\u00e1gi jogai \u00e9rv\u00e9nyes\u00edt\u00e9s\u00e9nek?<\/b><\/div>\n<div data-trid=\"2546\"><b data-trid=\"2547\">&nbsp;<\/b><\/div>\n<div data-trid=\"2548\">A teljes\u00edt\u00e9st\u0151l sz\u00e1m\u00edtott 6 h\u00f3napon bel\u00fcl kell\u00e9kszavatoss\u00e1gi ig\u00e9nye \u00e9rv\u00e9nyes\u00edt\u00e9s\u00e9nek a hiba k\u00f6zl\u00e9s\u00e9n t\u00fal nincs egy\u00e9b felt\u00e9tele, ha \u00d6n igazolja, hogy a term\u00e9ket, illetve a szolg\u00e1ltat\u00e1st C\u00e9g\u00fcnk ny\u00fajtotta. A teljes\u00edt\u00e9st\u0151l sz\u00e1m\u00edtott 6 h\u00f3nap letelt\u00e9t k\u00f6vet\u0151en viszont \u00d6nnek kell bizony\u00edtani, hogy a hiba m\u00e1r a teljes\u00edt\u00e9s id\u0151pontj\u00e1ban is megvolt.<\/div>\n<div data-trid=\"2549\">&nbsp;<\/div>\n<div data-trid=\"2550\">Haszn\u00e1lt term\u00e9kekre elt\u00e9r\u0151 szab\u00e1lyok vonatkoznak a szavatoss\u00e1g \u00e9s j\u00f3t\u00e1ll\u00e1s tekintet\u00e9ben. Haszn\u00e1lt term\u00e9k eset\u00e9n is l\u00e9tezik hib\u00e1s teljes\u00edt\u00e9s, de figyelembe kell venni azon k\u00f6r\u00fclm\u00e9nyeket, melyek alapj\u00e1n a V\u00e1s\u00e1rl\u00f3 bizonyos hib\u00e1k el\u0151fordul\u00e1s\u00e1ra sz\u00e1m\u00edthatott. Az avul\u00e1s k\u00f6vetkezt\u00e9ben egyes hib\u00e1k jelentkez\u00e9se egyre gyakoribb\u00e1 v\u00e1lik. A V\u00e1s\u00e1rl\u00f3 csak olyan hi\u00e1nyoss\u00e1gok eset\u00e9n \u00e9rv\u00e9nyes\u00edtheti szavatoss\u00e1gi jog\u00e1t, melyek a haszn\u00e1lts\u00e1gb\u00f3l ered\u0151 hib\u00e1kon fel\u00fcliek \u00e9s azokt\u00f3l f\u00fcggetlen\u00fcl keletkeztek. Ha a haszn\u00e1lt term\u00e9k hib\u00e1s \u00e9s a hib\u00e1r\u00f3l t\u00e1j\u00e9koztatt\u00e1k v\u00e1s\u00e1rl\u00e1skor a Fogyaszt\u00f3t, C\u00e9g\u00fcnket ez esetben felel\u0151ss\u00e9g nem terheli.<\/div>\n<div data-trid=\"2551\">&nbsp;<\/div>\n<div data-trid=\"2552\"><b data-trid=\"2553\">Term\u00e9kszavatoss\u00e1g:<\/b><\/div>\n<div data-trid=\"2554\">&nbsp;<\/div>\n<div data-trid=\"2555\"><b data-trid=\"2556\">Milyen esetben \u00e9lhet \u00d6n term\u00e9kszavatoss\u00e1gi jog\u00e1val?<\/b><\/div>\n<div data-trid=\"2557\">&nbsp;<\/div>\n<div data-trid=\"2558\">Ing\u00f3 dolog\/term\u00e9k hib\u00e1ja eset\u00e9n v\u00e1laszt\u00e1sa szerint \u00d6n kell\u00e9kszavatoss\u00e1gi vagy term\u00e9kszavatoss\u00e1gi ig\u00e9ny\u00e9t \u00e9rv\u00e9nyes\u00edtheti.<\/div>\n<div data-trid=\"2559\">&nbsp;<\/div>\n<div data-trid=\"2560\"><b data-trid=\"2561\">Milyen jogok illetik meg \u00d6nt term\u00e9kszavatoss\u00e1gi ig\u00e9nye alapj\u00e1n?<\/b><\/div>\n<div data-trid=\"2562\">&nbsp;<\/div>\n<div data-trid=\"2563\">Term\u00e9kszavatoss\u00e1gi ig\u00e9nyk\u00e9nt \u00d6n kiz\u00e1r\u00f3lag a hib\u00e1s term\u00e9k kijav\u00edt\u00e1s\u00e1t vagy kicser\u00e9l\u00e9s\u00e9t k\u00e9rheti.<\/div>\n<div data-trid=\"2564\">&nbsp;<\/div>\n<div data-trid=\"2565\"><b data-trid=\"2566\">Milyen esetben min\u0151s\u00fcl a term\u00e9k hib\u00e1snak?<\/b><\/div>\n<div data-trid=\"2567\">&nbsp;<\/div>\n<div data-trid=\"2568\">A term\u00e9k hib\u00e1s, ha a forgalomba hozatalakor hat\u00e1lyos min\u0151s\u00e9gi k\u00f6vetelm\u00e9nyeknek nem felel meg vagy ha nem rendelkezik a gy\u00e1rt\u00f3 \u00e1ltal adott le\u00edr\u00e1sban szerepl\u0151 tulajdons\u00e1gokkal.<\/div>\n<div data-trid=\"2569\">&nbsp;<\/div>\n<div data-trid=\"2570\"><b data-trid=\"2571\">Milyen hat\u00e1rid\u0151ben \u00e9rv\u00e9nyes\u00edtheti \u00d6n term\u00e9kszavatoss\u00e1gi ig\u00e9ny\u00e9t?<\/b><\/div>\n<div data-trid=\"2572\">&nbsp;<\/div>\n<div data-trid=\"2573\">\u00d6n term\u00e9kszavatoss\u00e1gi ig\u00e9ny\u00e9t a term\u00e9k gy\u00e1rt\u00f3 \u00e1ltali forgalomba hozatal\u00e1t\u00f3l sz\u00e1m\u00edtott 2 \u00e9ven bel\u00fcl \u00e9rv\u00e9nyes\u00edtheti. E hat\u00e1rid\u0151 eltelt\u00e9vel e jogosults\u00e1g\u00e1t elveszti.<\/div>\n<div data-trid=\"2574\">&nbsp;<\/div>\n<div data-trid=\"2575\"><b data-trid=\"2576\">Kivel szemben \u00e9s milyen egy\u00e9b felt\u00e9tellel \u00e9rv\u00e9nyes\u00edtheti term\u00e9kszavatoss\u00e1gi ig\u00e9ny\u00e9t?<\/b><\/div>\n<div data-trid=\"2577\">&nbsp;<\/div>\n<div data-trid=\"2578\">Term\u00e9kszavatoss\u00e1gi ig\u00e9ny\u00e9t csakis az ing\u00f3 dolog gy\u00e1rt\u00f3j\u00e1val\/forgalmaz\u00f3j\u00e1val szemben gyakorolhatja. \u00d6nnek kell bizony\u00edtania a term\u00e9k hib\u00e1j\u00e1t term\u00e9kszavatoss\u00e1gi ig\u00e9ny \u00e9rv\u00e9nyes\u00edt\u00e9se eset\u00e9n.<\/div>\n<div data-trid=\"2579\">&nbsp;<\/div>\n<div data-trid=\"2580\"><b data-trid=\"2581\">Milyen esetben mentes\u00fcl a gy\u00e1rt\u00f3\/forgalmaz\u00f3 term\u00e9kszavatoss\u00e1gi k\u00f6telezetts\u00e9ge al\u00f3l?<\/b><\/div>\n<div data-trid=\"2582\">&nbsp;<\/div>\n<div data-trid=\"2583\">A gy\u00e1rt\u00f3\/forgalmaz\u00f3 kiz\u00e1r\u00f3lag akkor mentes\u00fcl term\u00e9kszavatoss\u00e1gi k\u00f6telezetts\u00e9ge al\u00f3l, ha bizony\u00edtani tudja, hogy:<\/div>\n<div data-trid=\"2584\">&nbsp;<\/div>\n<div data-trid=\"2585\">A gy\u00e1rt\u00f3nak\/forgalmaz\u00f3nak a mentes\u00fcl\u00e9shez elegend\u0151 1 okot bizony\u00edtania.<\/div>\n<div data-trid=\"2586\">&nbsp;<\/div>\n<div data-trid=\"2587\">K\u00e9rj\u00fck, vegye figyelembe, hogy ugyanazon hiba miatt kell\u00e9kszavatoss\u00e1gi \u00e9s term\u00e9kszavatoss\u00e1gi ig\u00e9nyt egyszerre, p\u00e1rhuzamosan nem \u00e9rv\u00e9nyes\u00edthet. Term\u00e9kszavatoss\u00e1gi ig\u00e9ny eredm\u00e9nyes \u00e9rv\u00e9nyes\u00edt\u00e9se eset\u00e9n azonban a kicser\u00e9lt term\u00e9kre\/kijav\u00edtott r\u00e9szre vonatkoz\u00f3an \u00e9rv\u00e9nyes\u00edtheti kell\u00e9kszavatoss\u00e1gi ig\u00e9ny\u00e9t a gy\u00e1rt\u00f3val szemben.<\/div>\n<div data-trid=\"2588\">&nbsp;<\/div>\n<div data-trid=\"2589\"><b data-trid=\"2590\">J\u00f3t\u00e1ll\u00e1s:<\/b><\/div>\n<div data-trid=\"2591\"><b data-trid=\"2592\">Milyen esetben \u00e9lhet \u00d6n j\u00f3t\u00e1ll\u00e1si jog\u00e1val?<\/b><\/div>\n<div data-trid=\"2593\">&nbsp;<\/div>\n<div data-trid=\"2594\">Hib\u00e1s teljes\u00edt\u00e9s fenn\u00e1ll\u00e1sa eset\u00e9n a tart\u00f3s fogyaszt\u00e1si cikkekre vonatkoz\u00f3 k\u00f6telez\u0151 j\u00f3t\u00e1ll\u00e1sr\u00f3l sz\u00f3l\u00f3 151\/2003. (IX. 22.) Korm. rendelet&nbsp;alapj\u00e1n C\u00e9g\u00fcnk j\u00f3t\u00e1ll\u00e1sra k\u00f6teles.<\/div>\n<div data-trid=\"2595\">&nbsp;<\/div>\n<div data-trid=\"2596\">Jogszab\u00e1ly \u00edrja el\u0151 a j\u00f3t\u00e1ll\u00e1s biztos\u00edt\u00e1s\u00e1t a tart\u00f3s fogyaszt\u00e1si cikkek, mint a m\u0171szaki cikkek, g\u00e9pek, szersz\u00e1mok eset\u00e9n, melyek v\u00e9tel\u00e1ra meghaladja a 10.000 Ft-ot.<\/div>\n<div data-trid=\"2597\">&nbsp;<\/div>\n<div data-trid=\"2598\"><b data-trid=\"2599\">Milyen jogok \u00e9s milyen hat\u00e1rid\u0151n bel\u00fcl illetik meg \u00d6nt a j\u00f3t\u00e1ll\u00e1s alapj\u00e1n?<\/b><\/div>\n<div data-trid=\"2600\">&nbsp;<\/div>\n<div data-trid=\"2601\">A tart\u00f3s fogyaszt\u00e1si cikkekre vonatkoz\u00f3 k\u00f6telez\u0151 j\u00f3t\u00e1ll\u00e1sr\u00f3l sz\u00f3l\u00f3 151\/2003. (IX. 22.) Korm. rendelet meghat\u00e1rozza a k\u00f6telez\u0151 j\u00f3t\u00e1ll\u00e1s eseteit. Az ezen k\u00edv\u00fcl es\u0151 term\u00e9kek eset\u00e9n C\u00e9g\u00fcnk nem v\u00e1llal j\u00f3t\u00e1ll\u00e1st. J\u00f3t\u00e1ll\u00e1si ig\u00e9nyt a j\u00f3t\u00e1ll\u00e1si hat\u00e1rid\u0151n bel\u00fcl lehet \u00e9rv\u00e9nyes\u00edteni. Ha a j\u00f3t\u00e1ll\u00e1sra k\u00f6telezett k\u00f6telezetts\u00e9g\u00e9nek a jogosult felh\u00edv\u00e1s\u00e1ra megfelel\u0151 hat\u00e1rid\u0151n bel\u00fcl nem tesz eleget, a j\u00f3t\u00e1ll\u00e1si ig\u00e9ny a felh\u00edv\u00e1sban kijel\u00f6lt hat\u00e1rid\u0151 eltelt\u00e9t\u0151l sz\u00e1m\u00edtott 3 h\u00f3napon bel\u00fcl akkor is \u00e9rv\u00e9nyes\u00edthet\u0151 b\u00edr\u00f3s\u00e1g el\u0151tt, ha a j\u00f3t\u00e1ll\u00e1si id\u0151 m\u00e1r lej\u00e1rt. E hat\u00e1rid\u0151 elmulaszt\u00e1sa jogveszt\u00e9ssel j\u00e1r. A j\u00f3t\u00e1ll\u00e1si ig\u00e9ny \u00e9rv\u00e9nyes\u00edt\u00e9s\u00e9re a kell\u00e9kszavatoss\u00e1gi jogok gyakorl\u00e1s\u00e1ra vonatkoz\u00f3 szab\u00e1lyokat sz\u00fcks\u00e9ges alkalmazni. A j\u00f3t\u00e1ll\u00e1s id\u0151tartama 1 \u00e9v. E hat\u00e1rid\u0151 elmulaszt\u00e1sa jogveszt\u00e9ssel j\u00e1r. A j\u00f3t\u00e1ll\u00e1si hat\u00e1rid\u0151 a fogyaszt\u00e1si cikk Fogyaszt\u00f3 r\u00e9sz\u00e9re t\u00f6rt\u00e9n\u0151 \u00e1tad\u00e1sa vagy az \u00fczembe helyez\u00e9s (amennyiben C\u00e9g\u00fcnk v\u00e9gzi), napj\u00e1val kezd\u0151dik. Az \u00e9ven t\u00fali j\u00f3t\u00e1ll\u00e1ssal kapcsolatos \u00fcgyekben, k\u00e9rj\u00fck, forduljon a gy\u00e1rt\u00f3hoz!<\/div>\n<div data-trid=\"2602\">&nbsp;<\/div>\n<div data-trid=\"2603\"><b data-trid=\"2604\">Mi a j\u00f3t\u00e1ll\u00e1s \u00e9s m\u00e1s szavatoss\u00e1gi jogok viszonya?<\/b><\/div>\n<div data-trid=\"2605\">&nbsp;<\/div>\n<div data-trid=\"2606\">A j\u00f3t\u00e1ll\u00e1s a szavatoss\u00e1gi jogok (term\u00e9k, illetve kell\u00e9kszavatoss\u00e1g) mellett \u00e9rv\u00e9nyes\u00fcl. A szavatoss\u00e1gi jogok \u00e9s a j\u00f3t\u00e1ll\u00e1s k\u00f6zti k\u00fcl\u00f6nbs\u00e9g, hogy j\u00f3t\u00e1ll\u00e1s eset\u00e9n kedvez\u0151bb a Fogyaszt\u00f3 sz\u00e1m\u00e1ra a bizony\u00edt\u00e1si teher.<\/div>\n<div data-trid=\"2607\">&nbsp;<\/div>\n<div data-trid=\"2608\">A 151\/2003 Korm. Rendelet szerinti k\u00f6telez\u0151 j\u00f3t\u00e1ll\u00e1s hat\u00e1lya al\u00e1 es\u0151, r\u00f6gz\u00edtett bek\u00f6t\u00e9s\u0171, illet\u0151leg 10 kg-n\u00e1l nehezebb vagy t\u00f6megk\u00f6zleked\u00e9si eszk\u00f6z\u00f6n k\u00e9zi csomagk\u00e9nt nem sz\u00e1ll\u00edthat\u00f3 fogyaszt\u00e1si cikket \u2013 a j\u00e1rm\u0171vek kiv\u00e9tel\u00e9vel \u2013 az \u00fczemeltet\u00e9s hely\u00e9n sz\u00fcks\u00e9ges megjav\u00edtani. Ha a jav\u00edt\u00e1s az \u00fczemeltet\u00e9si helyen nem elv\u00e9gezhet\u0151, a le- \u00e9s felszerel\u00e9sr\u0151l, tov\u00e1bb\u00e1 az el- \u00e9s visszasz\u00e1ll\u00edt\u00e1sr\u00f3l a jav\u00edt\u00f3szolg\u00e1lat gondoskodik.<\/div>\n<div data-trid=\"2609\">&nbsp;<\/div>\n<div data-trid=\"2610\">C\u00e9g\u00fcnk v\u00e1llal\u00e1sa a k\u00f6telez\u0151 j\u00f3t\u00e1ll\u00e1s id\u0151tartam\u00e1n bel\u00fcl nem tartalmazhat a Fogyaszt\u00f3ra n\u00e9zve h\u00e1tr\u00e1nyosabb felt\u00e9teleket, mint amit a k\u00f6telez\u0151 j\u00f3t\u00e1ll\u00e1s szab\u00e1lyai biztos\u00edtanak. Ennek lej\u00e1rta (1 \u00e9v) ut\u00e1n az \u00f6nk\u00e9ntes j\u00f3t\u00e1ll\u00e1s felt\u00e9telei szabadon megszabhat\u00f3k, viszont a j\u00f3t\u00e1ll\u00e1s ilyenkor sem \u00e9rintheti h\u00e1tr\u00e1nyosan a Fogyaszt\u00f3 jogszab\u00e1lyb\u00f3l ered\u0151 (kell\u00e9kszavatoss\u00e1gon alapul\u00f3) jogainak fenn\u00e1ll\u00e1s\u00e1t.<\/div>\n<div data-trid=\"2611\">&nbsp;<\/div>\n<div data-trid=\"2612\"><b data-trid=\"2613\">H\u00e1rom munkanapon bel\u00fcli csereig\u00e9ny:<\/b><\/div>\n<div data-trid=\"2614\">&nbsp;<\/div>\n<div data-trid=\"2615\">Web\u00e1ruh\u00e1zunkban t\u00f6rt\u00e9nt v\u00e1s\u00e1rl\u00e1s eset\u00e9n megilleti \u00d6nt a 3 munkanapon bel\u00fcli term\u00e9kcsere joga. 3 munkanapon bel\u00fcli csereig\u00e9nyt a 151\/2003. (IX. 22.) Korm. rendelet hat\u00e1lya al\u00e1 tartoz\u00f3 tart\u00f3s fogyaszt\u00e1si cikkek eset\u00e9n \u00e9rv\u00e9nyes\u00edthet, mely szerint, ha 3 munkanapon bel\u00fcl \u00e9rv\u00e9nyes\u00edti csereig\u00e9ny\u00e9t, C\u00e9g\u00fcnknek \u00fagy kell \u00e9rtelmeznie, hogy a term\u00e9k elad\u00e1skor m\u00e1r hib\u00e1s volt \u00e9s minden tov\u00e1bbi n\u00e9lk\u00fcl a term\u00e9ket ki kell cser\u00e9ln\u00fcnk.<\/div>\n<div data-trid=\"2616\">&nbsp;<\/div>\n<div data-trid=\"2617\"><b data-trid=\"2618\">Mikor mentes\u00fcl C\u00e9g\u00fcnk j\u00f3t\u00e1ll\u00e1si k\u00f6telezetts\u00e9ge al\u00f3l?<\/b><\/div>\n<div data-trid=\"2619\">&nbsp;<\/div>\n<div data-trid=\"2620\">C\u00e9g\u00fcnk j\u00f3t\u00e1ll\u00e1si k\u00f6telezetts\u00e9ge al\u00f3l kiz\u00e1r\u00f3lag akkor mentes\u00fcl, ha bizony\u00edtja, hogy a hiba oka a teljes\u00edt\u00e9s ut\u00e1n keletkezett.<\/div>\n<div data-trid=\"2621\">&nbsp;<\/div>\n<div data-trid=\"2622\">K\u00e9rj\u00fck, vegye figyelembe, hogy ugyanazon hiba miatt kell\u00e9kszavatoss\u00e1gi \u00e9s j\u00f3t\u00e1ll\u00e1si ig\u00e9nyt, illetve term\u00e9kszavatoss\u00e1gi \u00e9s j\u00f3t\u00e1ll\u00e1si ig\u00e9nyt egyszerre, p\u00e1rhuzamosan nem \u00e9rv\u00e9nyes\u00edthet. A j\u00f3t\u00e1ll\u00e1sb\u00f3l fakad\u00f3 jogok a szavatoss\u00e1gi jogosults\u00e1gokt\u00f3l f\u00fcggetlen\u00fcl megilletik \u00d6nt.<\/div>\n<div data-trid=\"2622\">&nbsp;<\/div>\n<p>Fitlifebogi.hu<br>K\u00e1d\u00e1r Krisztina Ad\u00e9l \u2013 Egy\u00e9ni V\u00e1llalkoz\u00f3<br>1106 Budapest, Hath\u00e1z utca 9.<br>Budapest, 2023.05.19.<\/p>\t\t\t\t\t\t\t\t<\/div>\n\t\t\t\t<\/div>\n\t\t\t\t\t<\/div>\n\t\t\t\t<\/div>\n\t\t\t\t<\/div>","protected":false},"excerpt":{"rendered":"<p>\u00c1ltal\u00e1nos Szerz\u0151d\u00e9si Felt\u00e9telek Bevezet\u00e9s: Legyen kedves gondosan elolvasni \u00c1ltal\u00e1nos szerz\u0151d\u00e9si felt\u00e9teleinket, hiszen \u00d6n rendel\u00e9se lead\u00e1s\u00e1val elfogadja C\u00e9g\u00fcnk \u00c1ltal\u00e1nos szerz\u0151d\u00e9si felt\u00e9teleit! Amennyiben webshopunk haszn\u00e1lat\u00e1val, a v\u00e1s\u00e1rl\u00e1s folyamat\u00e1val, term\u00e9keinkkel vagy \u00c1ltal\u00e1nos szerz\u0151d\u00e9si felt\u00e9teleinkkel kapcsolatos k\u00e9rd\u00e9se van, felveheti c\u00e9g\u00fcnkkel a kapcsolatot az al\u00e1bbi el\u00e9rhet\u0151s\u00e9geken: &nbsp; C\u00e9g\u00fcnk adatai: &nbsp; Szolg\u00e1ltat\u00f3:&nbsp;K\u00e1d\u00e1r Krisztina Ad\u00e9l Egy\u00e9ni V\u00e1llalkoz\u00f3Sz\u00e9khely, postac\u00edm:&nbsp;1106 Budapest, Hath\u00e1z utca 9, [&hellip;]<\/p>\n","protected":false},"author":1,"featured_media":0,"parent":0,"menu_order":0,"comment_status":"closed","ping_status":"closed","template":"elementor_header_footer","meta":{"_seopress_robots_primary_cat":"","_seopress_titles_title":"","_seopress_titles_desc":"","_seopress_robots_index":"yes","footnotes":""},"class_list":["post-2124","page","type-page","status-publish","hentry"],"_links":{"self":[{"href":"https:\/\/www.fitlifebogi.hu\/en\/wp-json\/wp\/v2\/pages\/2124","targetHints":{"allow":["GET"]}}],"collection":[{"href":"https:\/\/www.fitlifebogi.hu\/en\/wp-json\/wp\/v2\/pages"}],"about":[{"href":"https:\/\/www.fitlifebogi.hu\/en\/wp-json\/wp\/v2\/types\/page"}],"author":[{"embeddable":true,"href":"https:\/\/www.fitlifebogi.hu\/en\/wp-json\/wp\/v2\/users\/1"}],"replies":[{"embeddable":true,"href":"https:\/\/www.fitlifebogi.hu\/en\/wp-json\/wp\/v2\/comments?post=2124"}],"version-history":[{"count":11,"href":"https:\/\/www.fitlifebogi.hu\/en\/wp-json\/wp\/v2\/pages\/2124\/revisions"}],"predecessor-version":[{"id":2376,"href":"https:\/\/www.fitlifebogi.hu\/en\/wp-json\/wp\/v2\/pages\/2124\/revisions\/2376"}],"wp:attachment":[{"href":"https:\/\/www.fitlifebogi.hu\/en\/wp-json\/wp\/v2\/media?parent=2124"}],"curies":[{"name":"wp","href":"https:\/\/api.w.org\/{rel}","templated":true}]}}